{"id":5509,"date":"2026-04-13T11:36:14","date_gmt":"2026-04-13T09:36:14","guid":{"rendered":"https:\/\/eraztunberdeurdina.eus\/?post_type=ibilbideak&#038;p=5509"},"modified":"2026-04-28T12:33:00","modified_gmt":"2026-04-28T10:33:00","slug":"recorrido-accesible-en-inurritza","status":"publish","type":"ibilbideak","link":"https:\/\/eraztunberdeurdina.eus\/es\/rutas\/recorrido-accesible-en-inurritza\/","title":{"rendered":"Recorrido accesible en I\u00f1urritza"},"content":{"rendered":"\n<p>Con la ayuda de video-audio gu\u00eda te proponemos realizar un recorrido accesible por I\u00f1urritza, en el extremo oriental del Anillo Verde Azul. I\u00f1urritza es un tesoro tallado por el agua.<br><br>En este recorrido te animamos a conocer la biodiversidad a trav\u00e9s de tres ecosistemas representativos de la costa vasca: las dunas, la marisma y los acantilados.<\/p>\n\n\n\n<p><strong>CARACTER\u00cdSTICAS<\/strong><\/p>\n\n\n\n<p>En el malec\u00f3n, muy cerca del punto de partida de la ruta I\u00f1urritza se encuentran los ba\u00f1os p\u00fablicos y las fuentes, a la altura del skate park y en la cantina de Borguetto. Desde el punto de partida se pueden utilizar rampas de bajada al malec\u00f3n.<br><br>Una vez llegado al punto de partida, en la primera parte del recorrido hay que atravesar una pasarela plana de madera que discurre sobre la duna. El paso de madera y el litoral discurren en paralelo. Su duro pavimento hace que peatones y sillas de ruedas puedan atravesar con comodidad la zona de las dunas.<br><br>El nuevo puente del canal de I\u00f1urritza tambi\u00e9n es totalmente accesible.<br><br>Pasado el puente, sin embargo, hay tierra de gravilla (camino de Sorginmu\u00f1o). Aunque el suelo es bastante llano, es irregular, con desniveles y zonas estrechas. En ese tramo hay numerosos asientos y una fuente tambi\u00e9n.<\/p>\n\n\n\n<p><strong>C\u00d3MO LLEGAR<\/strong><\/p>\n\n\n\n<ul class=\"wp-block-list\">\n<li>ANDANDO O EN BICICLETA<\/li>\n<\/ul>\n\n\n\n<p>El Paisaje Natural Protegido de I\u00f1urritza se encuentra en una zona llana, como casi toda Zarautz. En consecuencia, el punto de partida del recorrido de I\u00f1urritza es accesible tanto para personas con movilidad reducida como para personas en silla de ruedas, a excepci\u00f3n de las aceras de algunas calles, que no tienen una anchura de 2 metros.<br><br>Para llegar al punto de partida hay un camino peatonal hasta la calle Aresti. Posteriormente, en la calle Aresti, la acera es muy estrecha, pero la limitaci\u00f3n del tr\u00e1fico rodado permite circular por la calzada. En la calle Lauaxeta circula muy poco tr\u00e1fico. Tiene una acera estrecha que a veces obliga a circular por la calzada.<br><br>Zarautz cuenta con una amplia red de bidegorris en todo el municipio. Esto permite realizar el recorrido de I\u00f1urritza en bicicleta, salvo en la pasarela. Junto al acceso al recorrido hay un lugar para dejar bicicletas. Asimismo, hay numerosos lugares para aparcar las bicicletas en la plaza de los Bertsolaris, junto a la ermita de San Pelayo y la ikastola Salbatore Mitxelena.<\/p>\n\n\n\n<ul class=\"wp-block-list\">\n<li>EN TRANSPORTE P\u00daBLICO<\/li>\n<\/ul>\n\n\n\n<p>La l\u00ednea E1 de Euskotren que une Bilbao y San Sebasti\u00e1n en tren atraviesa Zarautz, donde cuenta con dos paradas. Para ir a I\u00f1urritza tenemos que bajar en la estaci\u00f3n de San Pelayo. En la p\u00e1gina web de <a href=\"https:\/\/www.euskotren.eus\" target=\"_blank\" rel=\"noreferrer noopener\">Euskotren<\/a> se encuentran los horarios actualizados de las estaciones de Zarautz.<br><br>Desde la estaci\u00f3n de Euskotren hasta el punto de partida del recorrido hay un recorrido peatonal de 700 m de longitud. La mayor parte de este recorrido es accesible. Existe un paso subterr\u00e1neo para cruzar la carretera N-634. En el punto en el que se toma la calle Aresti hay tramos que no son accesibles, ya que hay aceras estrechas. Tras pasar dos pasos de cebra por la calle Aresti, tomamos un recorrido peatonal llano y ancho hasta llegar al punto de partida del recorrido.<br><br><a href=\"https:\/\/lurraldebus.eus\/\" target=\"_blank\" rel=\"noreferrer noopener\">Lurraldebus<\/a> comunica con varios municipios de la provincia a trav\u00e9s de las l\u00edneas Zarautz, UK03, UK08, UK09, UK10 y UK11. Para acceder en autob\u00fas al recorrido de I\u00f1urritza, Lurraldebus dispone de dos paradas: calle Navarra 5A (San Pelayo) para los que vengan del lado de Bilbao, y calle Navarra 52 (Pilartxo Enea) para los que vengan del lado de Donostia.<br><br>Tambi\u00e9n utiliza estas paradas, y adem\u00e1s de ellas, cuenta con otras dos paradas pr\u00f3ximas al punto de partida del recorrido: calle Gipuzkoa 53 (Pontalier) y calle Gipuzkoa XX (I\u00f1urritza-ikastola).<\/p>\n\n\n\n<ul class=\"wp-block-list\">\n<li>EN COCHE<\/li>\n<\/ul>\n\n\n\n<p>Las principales v\u00edas de acceso a Zarautz son la autopista AP-8 y la carretera nacional N-634. Tras llegar al pueblo, el visitante tiene varias opciones para aparcar su coche. Toda la informaci\u00f3n sobre la ubicaci\u00f3n y tarifas de los aparcamientos se puede encontrar en el siguiente enlace: <a href=\"https:\/\/www.turismozarautz.eus\/es\/donde-aparcar\" target=\"_blank\" rel=\"noreferrer noopener\">Donde aparcar en Zarautz<\/a> tambi\u00e9n hay varias plazas de aparcamiento se\u00f1aladas para Personas con Movilidad Reducida (PMR) cerca del punto de partida de I\u00f1urritza. <a href=\"https:\/\/www.google.com\/maps\/d\/u\/0\/edit?mid=1LUm-kf3vl4EkC_9SEVclbIIZ_x21uEU&amp;usp=sharing\" target=\"_blank\" rel=\"noreferrer noopener\">En este mapa puedes consultar todos los aparcamientos PMR<\/a><\/p>\n\n\n\n<p><\/p>\n","protected":false},"featured_media":3930,"template":"","meta":{"_acf_changed":false,"site-sidebar-layout":"default","site-content-layout":"","ast-site-content-layout":"full-width-container","site-content-style":"default","site-sidebar-style":"default","ast-global-header-display":"","ast-banner-title-visibility":"","ast-main-header-display":"","ast-hfb-above-header-display":"","ast-hfb-below-header-display":"","ast-hfb-mobile-header-display":"","site-post-title":"","ast-breadcrumbs-content":"","ast-featured-img":"","footer-sml-layout":"","ast-disable-related-posts":"","theme-transparent-header-meta":"","adv-header-id-meta":"","stick-header-meta":"","header-above-stick-meta":"","header-main-stick-meta":"","header-below-stick-meta":"","astra-migrate-meta-layouts":"default","ast-page-background-enabled":"default","ast-page-background-meta":{"desktop":{"background-color":"var(--ast-global-color-5)","background-image":"","background-repeat":"repeat","background-position":"center center","background-size":"auto","background-attachment":"scroll","background-type":"","background-media":"","overlay-type":"","overlay-color":"","overlay-opacity":"","overlay-gradient":""},"tablet":{"background-color":"","background-image":"","background-repeat":"repeat","background-position":"center center","background-size":"auto","background-attachment":"scroll","background-type":"","background-media":"","overlay-type":"","overlay-color":"","overlay-opacity":"","overlay-gradient":""},"mobile":{"background-color":"","background-image":"","background-repeat":"repeat","background-position":"center center","background-size":"auto","background-attachment":"scroll","background-type":"","background-media":"","overlay-type":"","overlay-color":"","overlay-opacity":"","overlay-gradient":""}},"ast-content-background-meta":{"desktop":{"background-color":"var(--ast-global-color-4)","background-image":"","background-repeat":"repeat","background-position":"center center","background-size":"auto","background-attachment":"scroll","background-type":"","background-media":"","overlay-type":"","overlay-color":"","overlay-opacity":"","overlay-gradient":""},"tablet":{"background-color":"var(--ast-global-color-4)","background-image":"","background-repeat":"repeat","background-position":"center center","background-size":"auto","background-attachment":"scroll","background-type":"","background-media":"","overlay-type":"","overlay-color":"","overlay-opacity":"","overlay-gradient":""},"mobile":{"background-color":"var(--ast-global-color-4)","background-image":"","background-repeat":"repeat","background-position":"center center","background-size":"auto","background-attachment":"scroll","background-type":"","background-media":"","overlay-type":"","overlay-color":"","overlay-opacity":"","overlay-gradient":""}}},"motak":[837],"class_list":["post-5509","ibilbideak","type-ibilbideak","status-publish","has-post-thumbnail","hentry","motak-rutas-accesibles"],"acf":[],"yoast_head":"<!-- This site is optimized with the Yoast SEO plugin v27.1.1 - https:\/\/yoast.com\/product\/yoast-seo-wordpress\/ -->\n<title>Recorrido accesible en I\u00f1urritza - Anillo Verde Azul de Zarautz<\/title>\n<meta name=\"description\" content=\"Te proponemos realizar un recorrido accesible por I\u00f1urritza, en el extremo oriental del Anillo Verde Azul.\" \/>\n<meta name=\"robots\" content=\"index, follow, max-snippet:-1, max-image-preview:large, max-video-preview:-1\" \/>\n<link rel=\"canonical\" href=\"https:\/\/eraztunberdeurdina.eus\/es\/rutas\/recorrido-accesible-en-inurritza\/\" \/>\n<meta property=\"og:locale\" content=\"es_ES\" \/>\n<meta property=\"og:type\" content=\"article\" \/>\n<meta property=\"og:title\" content=\"Recorrido accesible en I\u00f1urritza - Anillo Verde Azul de Zarautz\" \/>\n<meta property=\"og:description\" content=\"Te proponemos realizar un recorrido accesible por I\u00f1urritza, en el extremo oriental del Anillo Verde Azul.\" \/>\n<meta property=\"og:url\" content=\"https:\/\/eraztunberdeurdina.eus\/es\/rutas\/recorrido-accesible-en-inurritza\/\" \/>\n<meta property=\"og:site_name\" content=\"Anillo Verde Azul de Zarautz\" \/>\n<meta property=\"article:modified_time\" content=\"2026-04-28T10:33:00+00:00\" \/>\n<meta property=\"og:image\" content=\"https:\/\/eraztunberdeurdina.eus\/wp-content\/uploads\/2025\/04\/I2.1.jpeg\" \/>\n\t<meta property=\"og:image:width\" content=\"1588\" \/>\n\t<meta property=\"og:image:height\" content=\"892\" \/>\n\t<meta property=\"og:image:type\" content=\"image\/jpeg\" \/>\n<meta name=\"twitter:card\" content=\"summary_large_image\" \/>\n<meta name=\"twitter:label1\" content=\"Tiempo de lectura\" \/>\n\t<meta name=\"twitter:data1\" content=\"4 minutos\" \/>\n<script type=\"application\/ld+json\" class=\"yoast-schema-graph\">{\"@context\":\"https:\/\/schema.org\",\"@graph\":[{\"@type\":\"WebPage\",\"@id\":\"https:\/\/eraztunberdeurdina.eus\/es\/rutas\/recorrido-accesible-en-inurritza\/\",\"url\":\"https:\/\/eraztunberdeurdina.eus\/es\/rutas\/recorrido-accesible-en-inurritza\/\",\"name\":\"Recorrido accesible en I\u00f1urritza - Anillo Verde Azul de Zarautz\",\"isPartOf\":{\"@id\":\"https:\/\/eraztunberdeurdina.eus\/#website\"},\"primaryImageOfPage\":{\"@id\":\"https:\/\/eraztunberdeurdina.eus\/es\/rutas\/recorrido-accesible-en-inurritza\/#primaryimage\"},\"image\":{\"@id\":\"https:\/\/eraztunberdeurdina.eus\/es\/rutas\/recorrido-accesible-en-inurritza\/#primaryimage\"},\"thumbnailUrl\":\"https:\/\/eraztunberdeurdina.eus\/wp-content\/uploads\/2025\/04\/I2.1.jpeg\",\"datePublished\":\"2026-04-13T09:36:14+00:00\",\"dateModified\":\"2026-04-28T10:33:00+00:00\",\"description\":\"Te proponemos realizar un recorrido accesible por I\u00f1urritza, en el extremo oriental del Anillo Verde Azul.\",\"breadcrumb\":{\"@id\":\"https:\/\/eraztunberdeurdina.eus\/es\/rutas\/recorrido-accesible-en-inurritza\/#breadcrumb\"},\"inLanguage\":\"es\",\"potentialAction\":[{\"@type\":\"ReadAction\",\"target\":[\"https:\/\/eraztunberdeurdina.eus\/es\/rutas\/recorrido-accesible-en-inurritza\/\"]}]},{\"@type\":\"ImageObject\",\"inLanguage\":\"es\",\"@id\":\"https:\/\/eraztunberdeurdina.eus\/es\/rutas\/recorrido-accesible-en-inurritza\/#primaryimage\",\"url\":\"https:\/\/eraztunberdeurdina.eus\/wp-content\/uploads\/2025\/04\/I2.1.jpeg\",\"contentUrl\":\"https:\/\/eraztunberdeurdina.eus\/wp-content\/uploads\/2025\/04\/I2.1.jpeg\",\"width\":1588,\"height\":892,\"caption\":\"Ibilbidea EBU Zarautzetik dunak\"},{\"@type\":\"BreadcrumbList\",\"@id\":\"https:\/\/eraztunberdeurdina.eus\/es\/rutas\/recorrido-accesible-en-inurritza\/#breadcrumb\",\"itemListElement\":[{\"@type\":\"ListItem\",\"position\":1,\"name\":\"Home\",\"item\":\"https:\/\/eraztunberdeurdina.eus\/es\/anillo-verde-azul\/\"},{\"@type\":\"ListItem\",\"position\":2,\"name\":\"Rutas\",\"item\":\"https:\/\/eraztunberdeurdina.eus\/es\/rutas\/\"},{\"@type\":\"ListItem\",\"position\":3,\"name\":\"Recorrido accesible en I\u00f1urritza\"}]},{\"@type\":\"WebSite\",\"@id\":\"https:\/\/eraztunberdeurdina.eus\/#website\",\"url\":\"https:\/\/eraztunberdeurdina.eus\/\",\"name\":\"Zarauzko Eraztun Berde Urdina\",\"description\":\"Herri-inguruko berdeguneen zaintza\",\"publisher\":{\"@id\":\"https:\/\/eraztunberdeurdina.eus\/#organization\"},\"potentialAction\":[{\"@type\":\"SearchAction\",\"target\":{\"@type\":\"EntryPoint\",\"urlTemplate\":\"https:\/\/eraztunberdeurdina.eus\/?s={search_term_string}\"},\"query-input\":{\"@type\":\"PropertyValueSpecification\",\"valueRequired\":true,\"valueName\":\"search_term_string\"}}],\"inLanguage\":\"es\"},{\"@type\":\"Organization\",\"@id\":\"https:\/\/eraztunberdeurdina.eus\/#organization\",\"name\":\"Zarauzko Eraztun Berde Urdina\",\"url\":\"https:\/\/eraztunberdeurdina.eus\/\",\"logo\":{\"@type\":\"ImageObject\",\"inLanguage\":\"es\",\"@id\":\"https:\/\/eraztunberdeurdina.eus\/#\/schema\/logo\/image\/\",\"url\":\"https:\/\/eraztunberdeurdina.eus\/wp-content\/uploads\/2018\/07\/EBUkoloretan.jpg\",\"contentUrl\":\"https:\/\/eraztunberdeurdina.eus\/wp-content\/uploads\/2018\/07\/EBUkoloretan.jpg\",\"width\":934,\"height\":687,\"caption\":\"Zarauzko Eraztun Berde Urdina\"},\"image\":{\"@id\":\"https:\/\/eraztunberdeurdina.eus\/#\/schema\/logo\/image\/\"}}]}<\/script>\n<!-- \/ Yoast SEO plugin. -->","yoast_head_json":{"title":"Recorrido accesible en I\u00f1urritza - Anillo Verde Azul de Zarautz","description":"Te proponemos realizar un recorrido accesible por I\u00f1urritza, en el extremo oriental del Anillo Verde Azul.","robots":{"index":"index","follow":"follow","max-snippet":"max-snippet:-1","max-image-preview":"max-image-preview:large","max-video-preview":"max-video-preview:-1"},"canonical":"https:\/\/eraztunberdeurdina.eus\/es\/rutas\/recorrido-accesible-en-inurritza\/","og_locale":"es_ES","og_type":"article","og_title":"Recorrido accesible en I\u00f1urritza - Anillo Verde Azul de Zarautz","og_description":"Te proponemos realizar un recorrido accesible por I\u00f1urritza, en el extremo oriental del Anillo Verde Azul.","og_url":"https:\/\/eraztunberdeurdina.eus\/es\/rutas\/recorrido-accesible-en-inurritza\/","og_site_name":"Anillo Verde Azul de Zarautz","article_modified_time":"2026-04-28T10:33:00+00:00","og_image":[{"width":1588,"height":892,"url":"https:\/\/eraztunberdeurdina.eus\/wp-content\/uploads\/2025\/04\/I2.1.jpeg","type":"image\/jpeg"}],"twitter_card":"summary_large_image","twitter_misc":{"Tiempo de lectura":"4 minutos"},"schema":{"@context":"https:\/\/schema.org","@graph":[{"@type":"WebPage","@id":"https:\/\/eraztunberdeurdina.eus\/es\/rutas\/recorrido-accesible-en-inurritza\/","url":"https:\/\/eraztunberdeurdina.eus\/es\/rutas\/recorrido-accesible-en-inurritza\/","name":"Recorrido accesible en I\u00f1urritza - Anillo Verde Azul de Zarautz","isPartOf":{"@id":"https:\/\/eraztunberdeurdina.eus\/#website"},"primaryImageOfPage":{"@id":"https:\/\/eraztunberdeurdina.eus\/es\/rutas\/recorrido-accesible-en-inurritza\/#primaryimage"},"image":{"@id":"https:\/\/eraztunberdeurdina.eus\/es\/rutas\/recorrido-accesible-en-inurritza\/#primaryimage"},"thumbnailUrl":"https:\/\/eraztunberdeurdina.eus\/wp-content\/uploads\/2025\/04\/I2.1.jpeg","datePublished":"2026-04-13T09:36:14+00:00","dateModified":"2026-04-28T10:33:00+00:00","description":"Te proponemos realizar un recorrido accesible por I\u00f1urritza, en el extremo oriental del Anillo Verde Azul.","breadcrumb":{"@id":"https:\/\/eraztunberdeurdina.eus\/es\/rutas\/recorrido-accesible-en-inurritza\/#breadcrumb"},"inLanguage":"es","potentialAction":[{"@type":"ReadAction","target":["https:\/\/eraztunberdeurdina.eus\/es\/rutas\/recorrido-accesible-en-inurritza\/"]}]},{"@type":"ImageObject","inLanguage":"es","@id":"https:\/\/eraztunberdeurdina.eus\/es\/rutas\/recorrido-accesible-en-inurritza\/#primaryimage","url":"https:\/\/eraztunberdeurdina.eus\/wp-content\/uploads\/2025\/04\/I2.1.jpeg","contentUrl":"https:\/\/eraztunberdeurdina.eus\/wp-content\/uploads\/2025\/04\/I2.1.jpeg","width":1588,"height":892,"caption":"Ibilbidea EBU Zarautzetik dunak"},{"@type":"BreadcrumbList","@id":"https:\/\/eraztunberdeurdina.eus\/es\/rutas\/recorrido-accesible-en-inurritza\/#breadcrumb","itemListElement":[{"@type":"ListItem","position":1,"name":"Home","item":"https:\/\/eraztunberdeurdina.eus\/es\/anillo-verde-azul\/"},{"@type":"ListItem","position":2,"name":"Rutas","item":"https:\/\/eraztunberdeurdina.eus\/es\/rutas\/"},{"@type":"ListItem","position":3,"name":"Recorrido accesible en I\u00f1urritza"}]},{"@type":"WebSite","@id":"https:\/\/eraztunberdeurdina.eus\/#website","url":"https:\/\/eraztunberdeurdina.eus\/","name":"Zarauzko Eraztun Berde Urdina","description":"Herri-inguruko berdeguneen zaintza","publisher":{"@id":"https:\/\/eraztunberdeurdina.eus\/#organization"},"potentialAction":[{"@type":"SearchAction","target":{"@type":"EntryPoint","urlTemplate":"https:\/\/eraztunberdeurdina.eus\/?s={search_term_string}"},"query-input":{"@type":"PropertyValueSpecification","valueRequired":true,"valueName":"search_term_string"}}],"inLanguage":"es"},{"@type":"Organization","@id":"https:\/\/eraztunberdeurdina.eus\/#organization","name":"Zarauzko Eraztun Berde Urdina","url":"https:\/\/eraztunberdeurdina.eus\/","logo":{"@type":"ImageObject","inLanguage":"es","@id":"https:\/\/eraztunberdeurdina.eus\/#\/schema\/logo\/image\/","url":"https:\/\/eraztunberdeurdina.eus\/wp-content\/uploads\/2018\/07\/EBUkoloretan.jpg","contentUrl":"https:\/\/eraztunberdeurdina.eus\/wp-content\/uploads\/2018\/07\/EBUkoloretan.jpg","width":934,"height":687,"caption":"Zarauzko Eraztun Berde Urdina"},"image":{"@id":"https:\/\/eraztunberdeurdina.eus\/#\/schema\/logo\/image\/"}}]}},"_links":{"self":[{"href":"https:\/\/eraztunberdeurdina.eus\/es\/wp-json\/wp\/v2\/ibilbideak\/5509","targetHints":{"allow":["GET"]}}],"collection":[{"href":"https:\/\/eraztunberdeurdina.eus\/es\/wp-json\/wp\/v2\/ibilbideak"}],"about":[{"href":"https:\/\/eraztunberdeurdina.eus\/es\/wp-json\/wp\/v2\/types\/ibilbideak"}],"wp:featuredmedia":[{"embeddable":true,"href":"https:\/\/eraztunberdeurdina.eus\/es\/wp-json\/wp\/v2\/media\/3930"}],"wp:attachment":[{"href":"https:\/\/eraztunberdeurdina.eus\/es\/wp-json\/wp\/v2\/media?parent=5509"}],"wp:term":[{"taxonomy":"motak","embeddable":true,"href":"https:\/\/eraztunberdeurdina.eus\/es\/wp-json\/wp\/v2\/motak?post=5509"}],"curies":[{"name":"wp","href":"https:\/\/api.w.org\/{rel}","templated":true}]}}