{"id":5510,"date":"2026-04-13T11:46:32","date_gmt":"2026-04-13T09:46:32","guid":{"rendered":"https:\/\/eraztunberdeurdina.eus\/?post_type=ibilbideak&#038;p=5510"},"modified":"2026-04-15T09:12:16","modified_gmt":"2026-04-15T07:12:16","slug":"parque-de-vista-alegre-a-traves-de-los-sentidos","status":"publish","type":"ibilbideak","link":"https:\/\/eraztunberdeurdina.eus\/es\/rutas\/parque-de-vista-alegre-a-traves-de-los-sentidos\/","title":{"rendered":"Parque de Vista Alegre a trav\u00e9s de los sentidos"},"content":{"rendered":"\n<p>Te proponemos realizar un recorrido para descubrir y disfrutar de la belleza del parque en el parque de Vista Alegre con la ayuda de v\u00eddeo-gu\u00edas. El recorrido circular por el parque de Vista Alegre se encuentra en la ruta <em>Arkamurka<\/em> del Anillo Verde Azul de Zarautz. En este breve recorrido conocer\u00e1s el pasado, el presente y el futuro del parque, en una zona \u00fanica en la que la naturaleza y el ser humano confluyen.<\/p>\n\n\n\n<p><strong>CARACTER\u00cdSTICAS<\/strong><\/p>\n\n\n\n<p>La entrada al parque se encuentra en la parte alta del barrio de Vista Alegre. En el Topaleku se puede leer el nombre del parque; tambi\u00e9n hay paneles con informaci\u00f3n del mismo.<br><br>El parque tiene un recorrido circular que comienza y termina en la entrada. Casi todo el camino est\u00e1 en pendiente (en algunas zonas la pendiente es muy pronunciada). El recorrido tiene una longitud aproximada de 900 m, bien se\u00f1alado y con terreno no deslizante. En el parque tambi\u00e9n hay un gimnasio al aire libre y un parque infantil de tirolinas.<br><br>En varios puntos del recorrido hay asientos, algunos con respaldo y brazos y otros no. Encontraremos varios paneles informativos y t\u00f3tems con informaci\u00f3n sobre especies arb\u00f3reas. En la zona no hay aseos p\u00fablicos.<\/p>\n\n\n\n<p><strong>C\u00d3MO LLEGAR<\/strong><\/p>\n\n\n\n<ul class=\"wp-block-list\">\n<li>A pi\u00e9\/Bicicleta<\/li>\n\n\n\n<li>Transporte p\u00fablico<\/li>\n\n\n\n<li>Coche<\/li>\n<\/ul>\n","protected":false},"featured_media":3617,"template":"","meta":{"_acf_changed":false,"site-sidebar-layout":"default","site-content-layout":"","ast-site-content-layout":"full-width-container","site-content-style":"default","site-sidebar-style":"default","ast-global-header-display":"","ast-banner-title-visibility":"","ast-main-header-display":"","ast-hfb-above-header-display":"","ast-hfb-below-header-display":"","ast-hfb-mobile-header-display":"","site-post-title":"","ast-breadcrumbs-content":"","ast-featured-img":"","footer-sml-layout":"","ast-disable-related-posts":"","theme-transparent-header-meta":"","adv-header-id-meta":"","stick-header-meta":"","header-above-stick-meta":"","header-main-stick-meta":"","header-below-stick-meta":"","astra-migrate-meta-layouts":"default","ast-page-background-enabled":"default","ast-page-background-meta":{"desktop":{"background-color":"var(--ast-global-color-5)","background-image":"","background-repeat":"repeat","background-position":"center center","background-size":"auto","background-attachment":"scroll","background-type":"","background-media":"","overlay-type":"","overlay-color":"","overlay-opacity":"","overlay-gradient":""},"tablet":{"background-color":"","background-image":"","background-repeat":"repeat","background-position":"center center","background-size":"auto","background-attachment":"scroll","background-type":"","background-media":"","overlay-type":"","overlay-color":"","overlay-opacity":"","overlay-gradient":""},"mobile":{"background-color":"","background-image":"","background-repeat":"repeat","background-position":"center center","background-size":"auto","background-attachment":"scroll","background-type":"","background-media":"","overlay-type":"","overlay-color":"","overlay-opacity":"","overlay-gradient":""}},"ast-content-background-meta":{"desktop":{"background-color":"var(--ast-global-color-4)","background-image":"","background-repeat":"repeat","background-position":"center center","background-size":"auto","background-attachment":"scroll","background-type":"","background-media":"","overlay-type":"","overlay-color":"","overlay-opacity":"","overlay-gradient":""},"tablet":{"background-color":"var(--ast-global-color-4)","background-image":"","background-repeat":"repeat","background-position":"center center","background-size":"auto","background-attachment":"scroll","background-type":"","background-media":"","overlay-type":"","overlay-color":"","overlay-opacity":"","overlay-gradient":""},"mobile":{"background-color":"var(--ast-global-color-4)","background-image":"","background-repeat":"repeat","background-position":"center center","background-size":"auto","background-attachment":"scroll","background-type":"","background-media":"","overlay-type":"","overlay-color":"","overlay-opacity":"","overlay-gradient":""}}},"motak":[837],"class_list":["post-5510","ibilbideak","type-ibilbideak","status-publish","has-post-thumbnail","hentry","motak-rutas-accesibles"],"acf":[],"yoast_head":"<!-- This site is optimized with the Yoast SEO plugin v27.1.1 - https:\/\/yoast.com\/product\/yoast-seo-wordpress\/ -->\n<title>Parque de Vista Alegre a trav\u00e9s de los sentidos - Anillo Verde Azul de Zarautz<\/title>\n<meta name=\"description\" content=\"Puedes realizar este recorrido para descubrir y disfrutar de la belleza del parque en el parque de Vista Alegre con la ayuda de v\u00eddeo-gu\u00edas.\" \/>\n<meta name=\"robots\" content=\"index, follow, max-snippet:-1, max-image-preview:large, max-video-preview:-1\" \/>\n<link rel=\"canonical\" href=\"https:\/\/eraztunberdeurdina.eus\/es\/rutas\/parque-de-vista-alegre-a-traves-de-los-sentidos\/\" \/>\n<meta property=\"og:locale\" content=\"es_ES\" \/>\n<meta property=\"og:type\" content=\"article\" \/>\n<meta property=\"og:title\" content=\"Parque de Vista Alegre a trav\u00e9s de los sentidos - Anillo Verde Azul de Zarautz\" \/>\n<meta property=\"og:description\" content=\"Puedes realizar este recorrido para descubrir y disfrutar de la belleza del parque en el parque de Vista Alegre con la ayuda de v\u00eddeo-gu\u00edas.\" \/>\n<meta property=\"og:url\" content=\"https:\/\/eraztunberdeurdina.eus\/es\/rutas\/parque-de-vista-alegre-a-traves-de-los-sentidos\/\" \/>\n<meta property=\"og:site_name\" content=\"Anillo Verde Azul de Zarautz\" \/>\n<meta property=\"article:modified_time\" content=\"2026-04-15T07:12:16+00:00\" \/>\n<meta property=\"og:image\" content=\"https:\/\/eraztunberdeurdina.eus\/wp-content\/uploads\/2024\/11\/WhatsApp-Image-2023-11-08-at-16.25.30.jpeg\" \/>\n\t<meta property=\"og:image:width\" content=\"1600\" \/>\n\t<meta property=\"og:image:height\" content=\"899\" \/>\n\t<meta property=\"og:image:type\" content=\"image\/jpeg\" \/>\n<meta name=\"twitter:card\" content=\"summary_large_image\" \/>\n<meta name=\"twitter:label1\" content=\"Tiempo de lectura\" \/>\n\t<meta name=\"twitter:data1\" content=\"2 minutos\" \/>\n<script type=\"application\/ld+json\" class=\"yoast-schema-graph\">{\"@context\":\"https:\/\/schema.org\",\"@graph\":[{\"@type\":\"WebPage\",\"@id\":\"https:\/\/eraztunberdeurdina.eus\/es\/rutas\/parque-de-vista-alegre-a-traves-de-los-sentidos\/\",\"url\":\"https:\/\/eraztunberdeurdina.eus\/es\/rutas\/parque-de-vista-alegre-a-traves-de-los-sentidos\/\",\"name\":\"Parque de Vista Alegre a trav\u00e9s de los sentidos - Anillo Verde Azul de Zarautz\",\"isPartOf\":{\"@id\":\"https:\/\/eraztunberdeurdina.eus\/#website\"},\"primaryImageOfPage\":{\"@id\":\"https:\/\/eraztunberdeurdina.eus\/es\/rutas\/parque-de-vista-alegre-a-traves-de-los-sentidos\/#primaryimage\"},\"image\":{\"@id\":\"https:\/\/eraztunberdeurdina.eus\/es\/rutas\/parque-de-vista-alegre-a-traves-de-los-sentidos\/#primaryimage\"},\"thumbnailUrl\":\"https:\/\/eraztunberdeurdina.eus\/wp-content\/uploads\/2024\/11\/WhatsApp-Image-2023-11-08-at-16.25.30.jpeg\",\"datePublished\":\"2026-04-13T09:46:32+00:00\",\"dateModified\":\"2026-04-15T07:12:16+00:00\",\"description\":\"Puedes realizar este recorrido para descubrir y disfrutar de la belleza del parque en el parque de Vista Alegre con la ayuda de v\u00eddeo-gu\u00edas.\",\"breadcrumb\":{\"@id\":\"https:\/\/eraztunberdeurdina.eus\/es\/rutas\/parque-de-vista-alegre-a-traves-de-los-sentidos\/#breadcrumb\"},\"inLanguage\":\"es\",\"potentialAction\":[{\"@type\":\"ReadAction\",\"target\":[\"https:\/\/eraztunberdeurdina.eus\/es\/rutas\/parque-de-vista-alegre-a-traves-de-los-sentidos\/\"]}]},{\"@type\":\"ImageObject\",\"inLanguage\":\"es\",\"@id\":\"https:\/\/eraztunberdeurdina.eus\/es\/rutas\/parque-de-vista-alegre-a-traves-de-los-sentidos\/#primaryimage\",\"url\":\"https:\/\/eraztunberdeurdina.eus\/wp-content\/uploads\/2024\/11\/WhatsApp-Image-2023-11-08-at-16.25.30.jpeg\",\"contentUrl\":\"https:\/\/eraztunberdeurdina.eus\/wp-content\/uploads\/2024\/11\/WhatsApp-Image-2023-11-08-at-16.25.30.jpeg\",\"width\":1600,\"height\":899},{\"@type\":\"BreadcrumbList\",\"@id\":\"https:\/\/eraztunberdeurdina.eus\/es\/rutas\/parque-de-vista-alegre-a-traves-de-los-sentidos\/#breadcrumb\",\"itemListElement\":[{\"@type\":\"ListItem\",\"position\":1,\"name\":\"Home\",\"item\":\"https:\/\/eraztunberdeurdina.eus\/es\/anillo-verde-azul\/\"},{\"@type\":\"ListItem\",\"position\":2,\"name\":\"Rutas\",\"item\":\"https:\/\/eraztunberdeurdina.eus\/es\/rutas\/\"},{\"@type\":\"ListItem\",\"position\":3,\"name\":\"Parque de Vista Alegre a trav\u00e9s de los sentidos\"}]},{\"@type\":\"WebSite\",\"@id\":\"https:\/\/eraztunberdeurdina.eus\/#website\",\"url\":\"https:\/\/eraztunberdeurdina.eus\/\",\"name\":\"Zarauzko Eraztun Berde Urdina\",\"description\":\"Herri-inguruko berdeguneen zaintza\",\"publisher\":{\"@id\":\"https:\/\/eraztunberdeurdina.eus\/#organization\"},\"potentialAction\":[{\"@type\":\"SearchAction\",\"target\":{\"@type\":\"EntryPoint\",\"urlTemplate\":\"https:\/\/eraztunberdeurdina.eus\/?s={search_term_string}\"},\"query-input\":{\"@type\":\"PropertyValueSpecification\",\"valueRequired\":true,\"valueName\":\"search_term_string\"}}],\"inLanguage\":\"es\"},{\"@type\":\"Organization\",\"@id\":\"https:\/\/eraztunberdeurdina.eus\/#organization\",\"name\":\"Zarauzko Eraztun Berde Urdina\",\"url\":\"https:\/\/eraztunberdeurdina.eus\/\",\"logo\":{\"@type\":\"ImageObject\",\"inLanguage\":\"es\",\"@id\":\"https:\/\/eraztunberdeurdina.eus\/#\/schema\/logo\/image\/\",\"url\":\"https:\/\/eraztunberdeurdina.eus\/wp-content\/uploads\/2018\/07\/EBUkoloretan.jpg\",\"contentUrl\":\"https:\/\/eraztunberdeurdina.eus\/wp-content\/uploads\/2018\/07\/EBUkoloretan.jpg\",\"width\":934,\"height\":687,\"caption\":\"Zarauzko Eraztun Berde Urdina\"},\"image\":{\"@id\":\"https:\/\/eraztunberdeurdina.eus\/#\/schema\/logo\/image\/\"}}]}<\/script>\n<!-- \/ Yoast SEO plugin. -->","yoast_head_json":{"title":"Parque de Vista Alegre a trav\u00e9s de los sentidos - Anillo Verde Azul de Zarautz","description":"Puedes realizar este recorrido para descubrir y disfrutar de la belleza del parque en el parque de Vista Alegre con la ayuda de v\u00eddeo-gu\u00edas.","robots":{"index":"index","follow":"follow","max-snippet":"max-snippet:-1","max-image-preview":"max-image-preview:large","max-video-preview":"max-video-preview:-1"},"canonical":"https:\/\/eraztunberdeurdina.eus\/es\/rutas\/parque-de-vista-alegre-a-traves-de-los-sentidos\/","og_locale":"es_ES","og_type":"article","og_title":"Parque de Vista Alegre a trav\u00e9s de los sentidos - Anillo Verde Azul de Zarautz","og_description":"Puedes realizar este recorrido para descubrir y disfrutar de la belleza del parque en el parque de Vista Alegre con la ayuda de v\u00eddeo-gu\u00edas.","og_url":"https:\/\/eraztunberdeurdina.eus\/es\/rutas\/parque-de-vista-alegre-a-traves-de-los-sentidos\/","og_site_name":"Anillo Verde Azul de Zarautz","article_modified_time":"2026-04-15T07:12:16+00:00","og_image":[{"width":1600,"height":899,"url":"https:\/\/eraztunberdeurdina.eus\/wp-content\/uploads\/2024\/11\/WhatsApp-Image-2023-11-08-at-16.25.30.jpeg","type":"image\/jpeg"}],"twitter_card":"summary_large_image","twitter_misc":{"Tiempo de lectura":"2 minutos"},"schema":{"@context":"https:\/\/schema.org","@graph":[{"@type":"WebPage","@id":"https:\/\/eraztunberdeurdina.eus\/es\/rutas\/parque-de-vista-alegre-a-traves-de-los-sentidos\/","url":"https:\/\/eraztunberdeurdina.eus\/es\/rutas\/parque-de-vista-alegre-a-traves-de-los-sentidos\/","name":"Parque de Vista Alegre a trav\u00e9s de los sentidos - Anillo Verde Azul de Zarautz","isPartOf":{"@id":"https:\/\/eraztunberdeurdina.eus\/#website"},"primaryImageOfPage":{"@id":"https:\/\/eraztunberdeurdina.eus\/es\/rutas\/parque-de-vista-alegre-a-traves-de-los-sentidos\/#primaryimage"},"image":{"@id":"https:\/\/eraztunberdeurdina.eus\/es\/rutas\/parque-de-vista-alegre-a-traves-de-los-sentidos\/#primaryimage"},"thumbnailUrl":"https:\/\/eraztunberdeurdina.eus\/wp-content\/uploads\/2024\/11\/WhatsApp-Image-2023-11-08-at-16.25.30.jpeg","datePublished":"2026-04-13T09:46:32+00:00","dateModified":"2026-04-15T07:12:16+00:00","description":"Puedes realizar este recorrido para descubrir y disfrutar de la belleza del parque en el parque de Vista Alegre con la ayuda de v\u00eddeo-gu\u00edas.","breadcrumb":{"@id":"https:\/\/eraztunberdeurdina.eus\/es\/rutas\/parque-de-vista-alegre-a-traves-de-los-sentidos\/#breadcrumb"},"inLanguage":"es","potentialAction":[{"@type":"ReadAction","target":["https:\/\/eraztunberdeurdina.eus\/es\/rutas\/parque-de-vista-alegre-a-traves-de-los-sentidos\/"]}]},{"@type":"ImageObject","inLanguage":"es","@id":"https:\/\/eraztunberdeurdina.eus\/es\/rutas\/parque-de-vista-alegre-a-traves-de-los-sentidos\/#primaryimage","url":"https:\/\/eraztunberdeurdina.eus\/wp-content\/uploads\/2024\/11\/WhatsApp-Image-2023-11-08-at-16.25.30.jpeg","contentUrl":"https:\/\/eraztunberdeurdina.eus\/wp-content\/uploads\/2024\/11\/WhatsApp-Image-2023-11-08-at-16.25.30.jpeg","width":1600,"height":899},{"@type":"BreadcrumbList","@id":"https:\/\/eraztunberdeurdina.eus\/es\/rutas\/parque-de-vista-alegre-a-traves-de-los-sentidos\/#breadcrumb","itemListElement":[{"@type":"ListItem","position":1,"name":"Home","item":"https:\/\/eraztunberdeurdina.eus\/es\/anillo-verde-azul\/"},{"@type":"ListItem","position":2,"name":"Rutas","item":"https:\/\/eraztunberdeurdina.eus\/es\/rutas\/"},{"@type":"ListItem","position":3,"name":"Parque de Vista Alegre a trav\u00e9s de los sentidos"}]},{"@type":"WebSite","@id":"https:\/\/eraztunberdeurdina.eus\/#website","url":"https:\/\/eraztunberdeurdina.eus\/","name":"Zarauzko Eraztun Berde Urdina","description":"Herri-inguruko berdeguneen zaintza","publisher":{"@id":"https:\/\/eraztunberdeurdina.eus\/#organization"},"potentialAction":[{"@type":"SearchAction","target":{"@type":"EntryPoint","urlTemplate":"https:\/\/eraztunberdeurdina.eus\/?s={search_term_string}"},"query-input":{"@type":"PropertyValueSpecification","valueRequired":true,"valueName":"search_term_string"}}],"inLanguage":"es"},{"@type":"Organization","@id":"https:\/\/eraztunberdeurdina.eus\/#organization","name":"Zarauzko Eraztun Berde Urdina","url":"https:\/\/eraztunberdeurdina.eus\/","logo":{"@type":"ImageObject","inLanguage":"es","@id":"https:\/\/eraztunberdeurdina.eus\/#\/schema\/logo\/image\/","url":"https:\/\/eraztunberdeurdina.eus\/wp-content\/uploads\/2018\/07\/EBUkoloretan.jpg","contentUrl":"https:\/\/eraztunberdeurdina.eus\/wp-content\/uploads\/2018\/07\/EBUkoloretan.jpg","width":934,"height":687,"caption":"Zarauzko Eraztun Berde Urdina"},"image":{"@id":"https:\/\/eraztunberdeurdina.eus\/#\/schema\/logo\/image\/"}}]}},"_links":{"self":[{"href":"https:\/\/eraztunberdeurdina.eus\/es\/wp-json\/wp\/v2\/ibilbideak\/5510","targetHints":{"allow":["GET"]}}],"collection":[{"href":"https:\/\/eraztunberdeurdina.eus\/es\/wp-json\/wp\/v2\/ibilbideak"}],"about":[{"href":"https:\/\/eraztunberdeurdina.eus\/es\/wp-json\/wp\/v2\/types\/ibilbideak"}],"wp:featuredmedia":[{"embeddable":true,"href":"https:\/\/eraztunberdeurdina.eus\/es\/wp-json\/wp\/v2\/media\/3617"}],"wp:attachment":[{"href":"https:\/\/eraztunberdeurdina.eus\/es\/wp-json\/wp\/v2\/media?parent=5510"}],"wp:term":[{"taxonomy":"motak","embeddable":true,"href":"https:\/\/eraztunberdeurdina.eus\/es\/wp-json\/wp\/v2\/motak?post=5510"}],"curies":[{"name":"wp","href":"https:\/\/api.w.org\/{rel}","templated":true}]}}