{"id":5518,"date":"2026-04-14T09:19:57","date_gmt":"2026-04-14T07:19:57","guid":{"rendered":"https:\/\/eraztunberdeurdina.eus\/?post_type=interes-guneak&#038;p=5518"},"modified":"2026-04-15T09:39:09","modified_gmt":"2026-04-15T07:39:09","slug":"ermita-y-mirador-de-santa-barbara","status":"publish","type":"interes-guneak","link":"https:\/\/eraztunberdeurdina.eus\/es\/puntos-de-interes\/ermita-y-mirador-de-santa-barbara\/","title":{"rendered":"Ermita y mirador de Santa B\u00e1rbara"},"content":{"rendered":"\n<p>Sobre Santa B\u00e1rbara se encuentra la ermita del mismo nombre, construida en el siglo XVIII. Fue restaurada en 1995 por el Ayuntamiento de Zarautz, pero s\u00f3lo se celebra misa una vez al a\u00f1o, el 4 de diciembre.<br><br>La ermita tiene tejado de cuatro aguas, planta rectangular y \u00e1bside trapezoidal. Al interior presenta b\u00f3veda de madera en arco escarzano. En lo alto de la cabecera poligonal y detr\u00e1s del altar hay un peque\u00f1o retablo de aspecto cl\u00e1sico que conserva la imagen de Santa B\u00e1rbara de diferentes caracter\u00edsticas iconogr\u00e1ficas.<br><br>Para acceder a la ermita se encuentra la calzada rom\u00e1nica, uno de los bienes hist\u00f3ricos m\u00e1s importantes del municipio.<br><br>Por si fuera poco, junto a la ermita se encuentra el observatorio que permite contemplar todo Zarautz, los montes de su entorno y la playa. Por tanto, aunque existe una pendiente considerable para subir a ella, esta visi\u00f3n alivia por completo el cansancio acumulado a lo largo del recorrido.<\/p>\n","protected":false},"featured_media":765,"template":"","meta":{"_acf_changed":true,"site-sidebar-layout":"default","site-content-layout":"","ast-site-content-layout":"full-width-container","site-content-style":"default","site-sidebar-style":"default","ast-global-header-display":"","ast-banner-title-visibility":"","ast-main-header-display":"","ast-hfb-above-header-display":"","ast-hfb-below-header-display":"","ast-hfb-mobile-header-display":"","site-post-title":"","ast-breadcrumbs-content":"","ast-featured-img":"","footer-sml-layout":"","ast-disable-related-posts":"","theme-transparent-header-meta":"","adv-header-id-meta":"","stick-header-meta":"","header-above-stick-meta":"","header-main-stick-meta":"","header-below-stick-meta":"","astra-migrate-meta-layouts":"default","ast-page-background-enabled":"default","ast-page-background-meta":{"desktop":{"background-color":"var(--ast-global-color-5)","background-image":"","background-repeat":"repeat","background-position":"center center","background-size":"auto","background-attachment":"scroll","background-type":"","background-media":"","overlay-type":"","overlay-color":"","overlay-opacity":"","overlay-gradient":""},"tablet":{"background-color":"","background-image":"","background-repeat":"repeat","background-position":"center center","background-size":"auto","background-attachment":"scroll","background-type":"","background-media":"","overlay-type":"","overlay-color":"","overlay-opacity":"","overlay-gradient":""},"mobile":{"background-color":"","background-image":"","background-repeat":"repeat","background-position":"center center","background-size":"auto","background-attachment":"scroll","background-type":"","background-media":"","overlay-type":"","overlay-color":"","overlay-opacity":"","overlay-gradient":""}},"ast-content-background-meta":{"desktop":{"background-color":"var(--ast-global-color-4)","background-image":"","background-repeat":"repeat","background-position":"center center","background-size":"auto","background-attachment":"scroll","background-type":"","background-media":"","overlay-type":"","overlay-color":"","overlay-opacity":"","overlay-gradient":""},"tablet":{"background-color":"var(--ast-global-color-4)","background-image":"","background-repeat":"repeat","background-position":"center center","background-size":"auto","background-attachment":"scroll","background-type":"","background-media":"","overlay-type":"","overlay-color":"","overlay-opacity":"","overlay-gradient":""},"mobile":{"background-color":"var(--ast-global-color-4)","background-image":"","background-repeat":"repeat","background-position":"center center","background-size":"auto","background-attachment":"scroll","background-type":"","background-media":"","overlay-type":"","overlay-color":"","overlay-opacity":"","overlay-gradient":""}}},"class_list":["post-5518","interes-guneak","type-interes-guneak","status-publish","has-post-thumbnail","hentry"],"acf":[],"yoast_head":"<!-- This site is optimized with the Yoast SEO plugin v27.1.1 - https:\/\/yoast.com\/product\/yoast-seo-wordpress\/ -->\n<title>Ermita y mirador de Santa B\u00e1rbara - Anillo Verde Azul de Zarautz<\/title>\n<meta name=\"description\" content=\"Sobre Santa B\u00e1rbara se encuentra la ermita del mismo nombre, construida en el siglo XVIII. Fue restaurada en 1995 por el Ayuntamiento.\" \/>\n<meta name=\"robots\" content=\"index, follow, max-snippet:-1, max-image-preview:large, max-video-preview:-1\" \/>\n<link rel=\"canonical\" href=\"https:\/\/eraztunberdeurdina.eus\/es\/puntos-de-interes\/ermita-y-mirador-de-santa-barbara\/\" \/>\n<meta property=\"og:locale\" content=\"es_ES\" \/>\n<meta property=\"og:type\" content=\"article\" \/>\n<meta property=\"og:title\" content=\"Ermita y mirador de Santa B\u00e1rbara - Anillo Verde Azul de Zarautz\" \/>\n<meta property=\"og:description\" content=\"Sobre Santa B\u00e1rbara se encuentra la ermita del mismo nombre, construida en el siglo XVIII. Fue restaurada en 1995 por el Ayuntamiento.\" \/>\n<meta property=\"og:url\" content=\"https:\/\/eraztunberdeurdina.eus\/es\/puntos-de-interes\/ermita-y-mirador-de-santa-barbara\/\" \/>\n<meta property=\"og:site_name\" content=\"Anillo Verde Azul de Zarautz\" \/>\n<meta property=\"article:modified_time\" content=\"2026-04-15T07:39:09+00:00\" \/>\n<meta property=\"og:image\" content=\"https:\/\/eraztunberdeurdina.eus\/wp-content\/uploads\/2018\/08\/Web-Zarauz-084_30-e1771247819722.jpg\" \/>\n\t<meta property=\"og:image:width\" content=\"3586\" \/>\n\t<meta property=\"og:image:height\" content=\"1251\" \/>\n\t<meta property=\"og:image:type\" content=\"image\/jpeg\" \/>\n<meta name=\"twitter:card\" content=\"summary_large_image\" \/>\n<meta name=\"twitter:label1\" content=\"Tiempo de lectura\" \/>\n\t<meta name=\"twitter:data1\" content=\"2 minutos\" \/>\n<script type=\"application\/ld+json\" class=\"yoast-schema-graph\">{\"@context\":\"https:\/\/schema.org\",\"@graph\":[{\"@type\":\"WebPage\",\"@id\":\"https:\/\/eraztunberdeurdina.eus\/es\/puntos-de-interes\/ermita-y-mirador-de-santa-barbara\/\",\"url\":\"https:\/\/eraztunberdeurdina.eus\/es\/puntos-de-interes\/ermita-y-mirador-de-santa-barbara\/\",\"name\":\"Ermita y mirador de Santa B\u00e1rbara - Anillo Verde Azul de Zarautz\",\"isPartOf\":{\"@id\":\"https:\/\/eraztunberdeurdina.eus\/#website\"},\"primaryImageOfPage\":{\"@id\":\"https:\/\/eraztunberdeurdina.eus\/es\/puntos-de-interes\/ermita-y-mirador-de-santa-barbara\/#primaryimage\"},\"image\":{\"@id\":\"https:\/\/eraztunberdeurdina.eus\/es\/puntos-de-interes\/ermita-y-mirador-de-santa-barbara\/#primaryimage\"},\"thumbnailUrl\":\"https:\/\/eraztunberdeurdina.eus\/wp-content\/uploads\/2018\/08\/Web-Zarauz-084_30-e1771247819722.jpg\",\"datePublished\":\"2026-04-14T07:19:57+00:00\",\"dateModified\":\"2026-04-15T07:39:09+00:00\",\"description\":\"Sobre Santa B\u00e1rbara se encuentra la ermita del mismo nombre, construida en el siglo XVIII. Fue restaurada en 1995 por el Ayuntamiento.\",\"breadcrumb\":{\"@id\":\"https:\/\/eraztunberdeurdina.eus\/es\/puntos-de-interes\/ermita-y-mirador-de-santa-barbara\/#breadcrumb\"},\"inLanguage\":\"es\",\"potentialAction\":[{\"@type\":\"ReadAction\",\"target\":[\"https:\/\/eraztunberdeurdina.eus\/es\/puntos-de-interes\/ermita-y-mirador-de-santa-barbara\/\"]}]},{\"@type\":\"ImageObject\",\"inLanguage\":\"es\",\"@id\":\"https:\/\/eraztunberdeurdina.eus\/es\/puntos-de-interes\/ermita-y-mirador-de-santa-barbara\/#primaryimage\",\"url\":\"https:\/\/eraztunberdeurdina.eus\/wp-content\/uploads\/2018\/08\/Web-Zarauz-084_30-e1771247819722.jpg\",\"contentUrl\":\"https:\/\/eraztunberdeurdina.eus\/wp-content\/uploads\/2018\/08\/Web-Zarauz-084_30-e1771247819722.jpg\",\"width\":3586,\"height\":1251,\"caption\":\"Santa Barbara Ermita\"},{\"@type\":\"BreadcrumbList\",\"@id\":\"https:\/\/eraztunberdeurdina.eus\/es\/puntos-de-interes\/ermita-y-mirador-de-santa-barbara\/#breadcrumb\",\"itemListElement\":[{\"@type\":\"ListItem\",\"position\":1,\"name\":\"Home\",\"item\":\"https:\/\/eraztunberdeurdina.eus\/es\/anillo-verde-azul\/\"},{\"@type\":\"ListItem\",\"position\":2,\"name\":\"Puntos de inter\u00e9s\",\"item\":\"https:\/\/eraztunberdeurdina.eus\/es\/puntos-de-interes\/\"},{\"@type\":\"ListItem\",\"position\":3,\"name\":\"Ermita y mirador de Santa B\u00e1rbara\"}]},{\"@type\":\"WebSite\",\"@id\":\"https:\/\/eraztunberdeurdina.eus\/#website\",\"url\":\"https:\/\/eraztunberdeurdina.eus\/\",\"name\":\"Zarauzko Eraztun Berde Urdina\",\"description\":\"Herri-inguruko berdeguneen zaintza\",\"publisher\":{\"@id\":\"https:\/\/eraztunberdeurdina.eus\/#organization\"},\"potentialAction\":[{\"@type\":\"SearchAction\",\"target\":{\"@type\":\"EntryPoint\",\"urlTemplate\":\"https:\/\/eraztunberdeurdina.eus\/?s={search_term_string}\"},\"query-input\":{\"@type\":\"PropertyValueSpecification\",\"valueRequired\":true,\"valueName\":\"search_term_string\"}}],\"inLanguage\":\"es\"},{\"@type\":\"Organization\",\"@id\":\"https:\/\/eraztunberdeurdina.eus\/#organization\",\"name\":\"Zarauzko Eraztun Berde Urdina\",\"url\":\"https:\/\/eraztunberdeurdina.eus\/\",\"logo\":{\"@type\":\"ImageObject\",\"inLanguage\":\"es\",\"@id\":\"https:\/\/eraztunberdeurdina.eus\/#\/schema\/logo\/image\/\",\"url\":\"https:\/\/eraztunberdeurdina.eus\/wp-content\/uploads\/2018\/07\/EBUkoloretan.jpg\",\"contentUrl\":\"https:\/\/eraztunberdeurdina.eus\/wp-content\/uploads\/2018\/07\/EBUkoloretan.jpg\",\"width\":934,\"height\":687,\"caption\":\"Zarauzko Eraztun Berde Urdina\"},\"image\":{\"@id\":\"https:\/\/eraztunberdeurdina.eus\/#\/schema\/logo\/image\/\"}}]}<\/script>\n<!-- \/ Yoast SEO plugin. -->","yoast_head_json":{"title":"Ermita y mirador de Santa B\u00e1rbara - Anillo Verde Azul de Zarautz","description":"Sobre Santa B\u00e1rbara se encuentra la ermita del mismo nombre, construida en el siglo XVIII. Fue restaurada en 1995 por el Ayuntamiento.","robots":{"index":"index","follow":"follow","max-snippet":"max-snippet:-1","max-image-preview":"max-image-preview:large","max-video-preview":"max-video-preview:-1"},"canonical":"https:\/\/eraztunberdeurdina.eus\/es\/puntos-de-interes\/ermita-y-mirador-de-santa-barbara\/","og_locale":"es_ES","og_type":"article","og_title":"Ermita y mirador de Santa B\u00e1rbara - Anillo Verde Azul de Zarautz","og_description":"Sobre Santa B\u00e1rbara se encuentra la ermita del mismo nombre, construida en el siglo XVIII. Fue restaurada en 1995 por el Ayuntamiento.","og_url":"https:\/\/eraztunberdeurdina.eus\/es\/puntos-de-interes\/ermita-y-mirador-de-santa-barbara\/","og_site_name":"Anillo Verde Azul de Zarautz","article_modified_time":"2026-04-15T07:39:09+00:00","og_image":[{"width":3586,"height":1251,"url":"https:\/\/eraztunberdeurdina.eus\/wp-content\/uploads\/2018\/08\/Web-Zarauz-084_30-e1771247819722.jpg","type":"image\/jpeg"}],"twitter_card":"summary_large_image","twitter_misc":{"Tiempo de lectura":"2 minutos"},"schema":{"@context":"https:\/\/schema.org","@graph":[{"@type":"WebPage","@id":"https:\/\/eraztunberdeurdina.eus\/es\/puntos-de-interes\/ermita-y-mirador-de-santa-barbara\/","url":"https:\/\/eraztunberdeurdina.eus\/es\/puntos-de-interes\/ermita-y-mirador-de-santa-barbara\/","name":"Ermita y mirador de Santa B\u00e1rbara - Anillo Verde Azul de Zarautz","isPartOf":{"@id":"https:\/\/eraztunberdeurdina.eus\/#website"},"primaryImageOfPage":{"@id":"https:\/\/eraztunberdeurdina.eus\/es\/puntos-de-interes\/ermita-y-mirador-de-santa-barbara\/#primaryimage"},"image":{"@id":"https:\/\/eraztunberdeurdina.eus\/es\/puntos-de-interes\/ermita-y-mirador-de-santa-barbara\/#primaryimage"},"thumbnailUrl":"https:\/\/eraztunberdeurdina.eus\/wp-content\/uploads\/2018\/08\/Web-Zarauz-084_30-e1771247819722.jpg","datePublished":"2026-04-14T07:19:57+00:00","dateModified":"2026-04-15T07:39:09+00:00","description":"Sobre Santa B\u00e1rbara se encuentra la ermita del mismo nombre, construida en el siglo XVIII. Fue restaurada en 1995 por el Ayuntamiento.","breadcrumb":{"@id":"https:\/\/eraztunberdeurdina.eus\/es\/puntos-de-interes\/ermita-y-mirador-de-santa-barbara\/#breadcrumb"},"inLanguage":"es","potentialAction":[{"@type":"ReadAction","target":["https:\/\/eraztunberdeurdina.eus\/es\/puntos-de-interes\/ermita-y-mirador-de-santa-barbara\/"]}]},{"@type":"ImageObject","inLanguage":"es","@id":"https:\/\/eraztunberdeurdina.eus\/es\/puntos-de-interes\/ermita-y-mirador-de-santa-barbara\/#primaryimage","url":"https:\/\/eraztunberdeurdina.eus\/wp-content\/uploads\/2018\/08\/Web-Zarauz-084_30-e1771247819722.jpg","contentUrl":"https:\/\/eraztunberdeurdina.eus\/wp-content\/uploads\/2018\/08\/Web-Zarauz-084_30-e1771247819722.jpg","width":3586,"height":1251,"caption":"Santa Barbara Ermita"},{"@type":"BreadcrumbList","@id":"https:\/\/eraztunberdeurdina.eus\/es\/puntos-de-interes\/ermita-y-mirador-de-santa-barbara\/#breadcrumb","itemListElement":[{"@type":"ListItem","position":1,"name":"Home","item":"https:\/\/eraztunberdeurdina.eus\/es\/anillo-verde-azul\/"},{"@type":"ListItem","position":2,"name":"Puntos de inter\u00e9s","item":"https:\/\/eraztunberdeurdina.eus\/es\/puntos-de-interes\/"},{"@type":"ListItem","position":3,"name":"Ermita y mirador de Santa B\u00e1rbara"}]},{"@type":"WebSite","@id":"https:\/\/eraztunberdeurdina.eus\/#website","url":"https:\/\/eraztunberdeurdina.eus\/","name":"Zarauzko Eraztun Berde Urdina","description":"Herri-inguruko berdeguneen zaintza","publisher":{"@id":"https:\/\/eraztunberdeurdina.eus\/#organization"},"potentialAction":[{"@type":"SearchAction","target":{"@type":"EntryPoint","urlTemplate":"https:\/\/eraztunberdeurdina.eus\/?s={search_term_string}"},"query-input":{"@type":"PropertyValueSpecification","valueRequired":true,"valueName":"search_term_string"}}],"inLanguage":"es"},{"@type":"Organization","@id":"https:\/\/eraztunberdeurdina.eus\/#organization","name":"Zarauzko Eraztun Berde Urdina","url":"https:\/\/eraztunberdeurdina.eus\/","logo":{"@type":"ImageObject","inLanguage":"es","@id":"https:\/\/eraztunberdeurdina.eus\/#\/schema\/logo\/image\/","url":"https:\/\/eraztunberdeurdina.eus\/wp-content\/uploads\/2018\/07\/EBUkoloretan.jpg","contentUrl":"https:\/\/eraztunberdeurdina.eus\/wp-content\/uploads\/2018\/07\/EBUkoloretan.jpg","width":934,"height":687,"caption":"Zarauzko Eraztun Berde Urdina"},"image":{"@id":"https:\/\/eraztunberdeurdina.eus\/#\/schema\/logo\/image\/"}}]}},"_links":{"self":[{"href":"https:\/\/eraztunberdeurdina.eus\/es\/wp-json\/wp\/v2\/interes-guneak\/5518","targetHints":{"allow":["GET"]}}],"collection":[{"href":"https:\/\/eraztunberdeurdina.eus\/es\/wp-json\/wp\/v2\/interes-guneak"}],"about":[{"href":"https:\/\/eraztunberdeurdina.eus\/es\/wp-json\/wp\/v2\/types\/interes-guneak"}],"wp:featuredmedia":[{"embeddable":true,"href":"https:\/\/eraztunberdeurdina.eus\/es\/wp-json\/wp\/v2\/media\/765"}],"wp:attachment":[{"href":"https:\/\/eraztunberdeurdina.eus\/es\/wp-json\/wp\/v2\/media?parent=5518"}],"curies":[{"name":"wp","href":"https:\/\/api.w.org\/{rel}","templated":true}]}}