{"id":5526,"date":"2026-04-14T09:55:08","date_gmt":"2026-04-14T07:55:08","guid":{"rendered":"https:\/\/eraztunberdeurdina.eus\/?post_type=interes-guneak&#038;p=5526"},"modified":"2026-04-15T09:43:32","modified_gmt":"2026-04-15T07:43:32","slug":"red-garate-santa-barbara-natura-2000","status":"publish","type":"interes-guneak","link":"https:\/\/eraztunberdeurdina.eus\/es\/puntos-de-interes\/red-garate-santa-barbara-natura-2000\/","title":{"rendered":"Red Garate-Santa Barbara Natura 2000"},"content":{"rendered":"\n<p>Zona protegida por la Red Natura 2000, una red de espacios naturales de alto valor ecol\u00f3gico que recorre Europa con varios objetivos comunes: garantizar la protecci\u00f3n, en un estado favorable, de determinados tipos de h\u00e1bitat y especies en sus \u00e1reas de distribuci\u00f3n natural y estimular el equilibrio entre las actividades econ\u00f3micas, sociales y la naturaleza con el fin de mejorar la calidad de vida de las personas que la habitan. &nbsp;<\/p>\n\n\n\n<p>Los 55 espacios integrados en la Red Natura 2000 en Euskadi se extienden por una superficie aproximada de 1.500 kil\u00f3metros cuadrados, lo que supone en torno al 20,5% del territorio. Mutxio, la ermita de Santa Barbara, el parque de Vista Alegre y el bosque Zingira se encuentran dentro de la Red, donde podemos encontrar las siguientes especies.<\/p>\n\n\n\n<p><\/p>\n","protected":false},"featured_media":925,"template":"","meta":{"_acf_changed":true,"site-sidebar-layout":"default","site-content-layout":"","ast-site-content-layout":"full-width-container","site-content-style":"default","site-sidebar-style":"default","ast-global-header-display":"","ast-banner-title-visibility":"","ast-main-header-display":"","ast-hfb-above-header-display":"","ast-hfb-below-header-display":"","ast-hfb-mobile-header-display":"","site-post-title":"","ast-breadcrumbs-content":"","ast-featured-img":"","footer-sml-layout":"","ast-disable-related-posts":"","theme-transparent-header-meta":"","adv-header-id-meta":"","stick-header-meta":"","header-above-stick-meta":"","header-main-stick-meta":"","header-below-stick-meta":"","astra-migrate-meta-layouts":"default","ast-page-background-enabled":"default","ast-page-background-meta":{"desktop":{"background-color":"var(--ast-global-color-5)","background-image":"","background-repeat":"repeat","background-position":"center center","background-size":"auto","background-attachment":"scroll","background-type":"","background-media":"","overlay-type":"","overlay-color":"","overlay-opacity":"","overlay-gradient":""},"tablet":{"background-color":"","background-image":"","background-repeat":"repeat","background-position":"center center","background-size":"auto","background-attachment":"scroll","background-type":"","background-media":"","overlay-type":"","overlay-color":"","overlay-opacity":"","overlay-gradient":""},"mobile":{"background-color":"","background-image":"","background-repeat":"repeat","background-position":"center center","background-size":"auto","background-attachment":"scroll","background-type":"","background-media":"","overlay-type":"","overlay-color":"","overlay-opacity":"","overlay-gradient":""}},"ast-content-background-meta":{"desktop":{"background-color":"var(--ast-global-color-4)","background-image":"","background-repeat":"repeat","background-position":"center center","background-size":"auto","background-attachment":"scroll","background-type":"","background-media":"","overlay-type":"","overlay-color":"","overlay-opacity":"","overlay-gradient":""},"tablet":{"background-color":"var(--ast-global-color-4)","background-image":"","background-repeat":"repeat","background-position":"center center","background-size":"auto","background-attachment":"scroll","background-type":"","background-media":"","overlay-type":"","overlay-color":"","overlay-opacity":"","overlay-gradient":""},"mobile":{"background-color":"var(--ast-global-color-4)","background-image":"","background-repeat":"repeat","background-position":"center center","background-size":"auto","background-attachment":"scroll","background-type":"","background-media":"","overlay-type":"","overlay-color":"","overlay-opacity":"","overlay-gradient":""}}},"class_list":["post-5526","interes-guneak","type-interes-guneak","status-publish","has-post-thumbnail","hentry"],"acf":[],"yoast_head":"<!-- This site is optimized with the Yoast SEO plugin v27.1.1 - https:\/\/yoast.com\/product\/yoast-seo-wordpress\/ -->\n<title>Red Garate-Santa Barbara Natura 2000 - Anillo Verde Azul de Zarautz<\/title>\n<meta name=\"description\" content=\"Zona protegida por la Red Natura 2000, una red de espacios naturales de alto valor ecol\u00f3gico que recorre Europa con el objetivo de garantizar la protecci\u00f3n.\" \/>\n<meta name=\"robots\" content=\"index, follow, max-snippet:-1, max-image-preview:large, max-video-preview:-1\" \/>\n<link rel=\"canonical\" href=\"https:\/\/eraztunberdeurdina.eus\/es\/puntos-de-interes\/red-garate-santa-barbara-natura-2000\/\" \/>\n<meta property=\"og:locale\" content=\"es_ES\" \/>\n<meta property=\"og:type\" content=\"article\" \/>\n<meta property=\"og:title\" content=\"Red Garate-Santa Barbara Natura 2000 - Anillo Verde Azul de Zarautz\" \/>\n<meta property=\"og:description\" content=\"Zona protegida por la Red Natura 2000, una red de espacios naturales de alto valor ecol\u00f3gico que recorre Europa con el objetivo de garantizar la protecci\u00f3n.\" \/>\n<meta property=\"og:url\" content=\"https:\/\/eraztunberdeurdina.eus\/es\/puntos-de-interes\/red-garate-santa-barbara-natura-2000\/\" \/>\n<meta property=\"og:site_name\" content=\"Anillo Verde Azul de Zarautz\" \/>\n<meta property=\"article:modified_time\" content=\"2026-04-15T07:43:32+00:00\" \/>\n<meta property=\"og:image\" content=\"https:\/\/eraztunberdeurdina.eus\/wp-content\/uploads\/2018\/08\/Web-Zarauz-097_30-e1771241867336.jpg\" \/>\n\t<meta property=\"og:image:width\" content=\"1739\" \/>\n\t<meta property=\"og:image:height\" content=\"1159\" \/>\n\t<meta property=\"og:image:type\" content=\"image\/jpeg\" \/>\n<meta name=\"twitter:card\" content=\"summary_large_image\" \/>\n<meta name=\"twitter:label1\" content=\"Tiempo de lectura\" \/>\n\t<meta name=\"twitter:data1\" content=\"1 minuto\" \/>\n<script type=\"application\/ld+json\" class=\"yoast-schema-graph\">{\"@context\":\"https:\/\/schema.org\",\"@graph\":[{\"@type\":\"WebPage\",\"@id\":\"https:\/\/eraztunberdeurdina.eus\/es\/puntos-de-interes\/red-garate-santa-barbara-natura-2000\/\",\"url\":\"https:\/\/eraztunberdeurdina.eus\/es\/puntos-de-interes\/red-garate-santa-barbara-natura-2000\/\",\"name\":\"Red Garate-Santa Barbara Natura 2000 - Anillo Verde Azul de Zarautz\",\"isPartOf\":{\"@id\":\"https:\/\/eraztunberdeurdina.eus\/#website\"},\"primaryImageOfPage\":{\"@id\":\"https:\/\/eraztunberdeurdina.eus\/es\/puntos-de-interes\/red-garate-santa-barbara-natura-2000\/#primaryimage\"},\"image\":{\"@id\":\"https:\/\/eraztunberdeurdina.eus\/es\/puntos-de-interes\/red-garate-santa-barbara-natura-2000\/#primaryimage\"},\"thumbnailUrl\":\"https:\/\/eraztunberdeurdina.eus\/wp-content\/uploads\/2018\/08\/Web-Zarauz-097_30-e1771241867336.jpg\",\"datePublished\":\"2026-04-14T07:55:08+00:00\",\"dateModified\":\"2026-04-15T07:43:32+00:00\",\"description\":\"Zona protegida por la Red Natura 2000, una red de espacios naturales de alto valor ecol\u00f3gico que recorre Europa con el objetivo de garantizar la protecci\u00f3n.\",\"breadcrumb\":{\"@id\":\"https:\/\/eraztunberdeurdina.eus\/es\/puntos-de-interes\/red-garate-santa-barbara-natura-2000\/#breadcrumb\"},\"inLanguage\":\"es\",\"potentialAction\":[{\"@type\":\"ReadAction\",\"target\":[\"https:\/\/eraztunberdeurdina.eus\/es\/puntos-de-interes\/red-garate-santa-barbara-natura-2000\/\"]}]},{\"@type\":\"ImageObject\",\"inLanguage\":\"es\",\"@id\":\"https:\/\/eraztunberdeurdina.eus\/es\/puntos-de-interes\/red-garate-santa-barbara-natura-2000\/#primaryimage\",\"url\":\"https:\/\/eraztunberdeurdina.eus\/wp-content\/uploads\/2018\/08\/Web-Zarauz-097_30-e1771241867336.jpg\",\"contentUrl\":\"https:\/\/eraztunberdeurdina.eus\/wp-content\/uploads\/2018\/08\/Web-Zarauz-097_30-e1771241867336.jpg\",\"width\":1739,\"height\":1159,\"caption\":\"Garate-Santa Barbara Natura 2000 Sarea\"},{\"@type\":\"BreadcrumbList\",\"@id\":\"https:\/\/eraztunberdeurdina.eus\/es\/puntos-de-interes\/red-garate-santa-barbara-natura-2000\/#breadcrumb\",\"itemListElement\":[{\"@type\":\"ListItem\",\"position\":1,\"name\":\"Home\",\"item\":\"https:\/\/eraztunberdeurdina.eus\/es\/anillo-verde-azul\/\"},{\"@type\":\"ListItem\",\"position\":2,\"name\":\"Puntos de inter\u00e9s\",\"item\":\"https:\/\/eraztunberdeurdina.eus\/es\/puntos-de-interes\/\"},{\"@type\":\"ListItem\",\"position\":3,\"name\":\"Red Garate-Santa Barbara Natura 2000\"}]},{\"@type\":\"WebSite\",\"@id\":\"https:\/\/eraztunberdeurdina.eus\/#website\",\"url\":\"https:\/\/eraztunberdeurdina.eus\/\",\"name\":\"Zarauzko Eraztun Berde Urdina\",\"description\":\"Herri-inguruko berdeguneen zaintza\",\"publisher\":{\"@id\":\"https:\/\/eraztunberdeurdina.eus\/#organization\"},\"potentialAction\":[{\"@type\":\"SearchAction\",\"target\":{\"@type\":\"EntryPoint\",\"urlTemplate\":\"https:\/\/eraztunberdeurdina.eus\/?s={search_term_string}\"},\"query-input\":{\"@type\":\"PropertyValueSpecification\",\"valueRequired\":true,\"valueName\":\"search_term_string\"}}],\"inLanguage\":\"es\"},{\"@type\":\"Organization\",\"@id\":\"https:\/\/eraztunberdeurdina.eus\/#organization\",\"name\":\"Zarauzko Eraztun Berde Urdina\",\"url\":\"https:\/\/eraztunberdeurdina.eus\/\",\"logo\":{\"@type\":\"ImageObject\",\"inLanguage\":\"es\",\"@id\":\"https:\/\/eraztunberdeurdina.eus\/#\/schema\/logo\/image\/\",\"url\":\"https:\/\/eraztunberdeurdina.eus\/wp-content\/uploads\/2018\/07\/EBUkoloretan.jpg\",\"contentUrl\":\"https:\/\/eraztunberdeurdina.eus\/wp-content\/uploads\/2018\/07\/EBUkoloretan.jpg\",\"width\":934,\"height\":687,\"caption\":\"Zarauzko Eraztun Berde Urdina\"},\"image\":{\"@id\":\"https:\/\/eraztunberdeurdina.eus\/#\/schema\/logo\/image\/\"}}]}<\/script>\n<!-- \/ Yoast SEO plugin. -->","yoast_head_json":{"title":"Red Garate-Santa Barbara Natura 2000 - Anillo Verde Azul de Zarautz","description":"Zona protegida por la Red Natura 2000, una red de espacios naturales de alto valor ecol\u00f3gico que recorre Europa con el objetivo de garantizar la protecci\u00f3n.","robots":{"index":"index","follow":"follow","max-snippet":"max-snippet:-1","max-image-preview":"max-image-preview:large","max-video-preview":"max-video-preview:-1"},"canonical":"https:\/\/eraztunberdeurdina.eus\/es\/puntos-de-interes\/red-garate-santa-barbara-natura-2000\/","og_locale":"es_ES","og_type":"article","og_title":"Red Garate-Santa Barbara Natura 2000 - Anillo Verde Azul de Zarautz","og_description":"Zona protegida por la Red Natura 2000, una red de espacios naturales de alto valor ecol\u00f3gico que recorre Europa con el objetivo de garantizar la protecci\u00f3n.","og_url":"https:\/\/eraztunberdeurdina.eus\/es\/puntos-de-interes\/red-garate-santa-barbara-natura-2000\/","og_site_name":"Anillo Verde Azul de Zarautz","article_modified_time":"2026-04-15T07:43:32+00:00","og_image":[{"width":1739,"height":1159,"url":"https:\/\/eraztunberdeurdina.eus\/wp-content\/uploads\/2018\/08\/Web-Zarauz-097_30-e1771241867336.jpg","type":"image\/jpeg"}],"twitter_card":"summary_large_image","twitter_misc":{"Tiempo de lectura":"1 minuto"},"schema":{"@context":"https:\/\/schema.org","@graph":[{"@type":"WebPage","@id":"https:\/\/eraztunberdeurdina.eus\/es\/puntos-de-interes\/red-garate-santa-barbara-natura-2000\/","url":"https:\/\/eraztunberdeurdina.eus\/es\/puntos-de-interes\/red-garate-santa-barbara-natura-2000\/","name":"Red Garate-Santa Barbara Natura 2000 - Anillo Verde Azul de Zarautz","isPartOf":{"@id":"https:\/\/eraztunberdeurdina.eus\/#website"},"primaryImageOfPage":{"@id":"https:\/\/eraztunberdeurdina.eus\/es\/puntos-de-interes\/red-garate-santa-barbara-natura-2000\/#primaryimage"},"image":{"@id":"https:\/\/eraztunberdeurdina.eus\/es\/puntos-de-interes\/red-garate-santa-barbara-natura-2000\/#primaryimage"},"thumbnailUrl":"https:\/\/eraztunberdeurdina.eus\/wp-content\/uploads\/2018\/08\/Web-Zarauz-097_30-e1771241867336.jpg","datePublished":"2026-04-14T07:55:08+00:00","dateModified":"2026-04-15T07:43:32+00:00","description":"Zona protegida por la Red Natura 2000, una red de espacios naturales de alto valor ecol\u00f3gico que recorre Europa con el objetivo de garantizar la protecci\u00f3n.","breadcrumb":{"@id":"https:\/\/eraztunberdeurdina.eus\/es\/puntos-de-interes\/red-garate-santa-barbara-natura-2000\/#breadcrumb"},"inLanguage":"es","potentialAction":[{"@type":"ReadAction","target":["https:\/\/eraztunberdeurdina.eus\/es\/puntos-de-interes\/red-garate-santa-barbara-natura-2000\/"]}]},{"@type":"ImageObject","inLanguage":"es","@id":"https:\/\/eraztunberdeurdina.eus\/es\/puntos-de-interes\/red-garate-santa-barbara-natura-2000\/#primaryimage","url":"https:\/\/eraztunberdeurdina.eus\/wp-content\/uploads\/2018\/08\/Web-Zarauz-097_30-e1771241867336.jpg","contentUrl":"https:\/\/eraztunberdeurdina.eus\/wp-content\/uploads\/2018\/08\/Web-Zarauz-097_30-e1771241867336.jpg","width":1739,"height":1159,"caption":"Garate-Santa Barbara Natura 2000 Sarea"},{"@type":"BreadcrumbList","@id":"https:\/\/eraztunberdeurdina.eus\/es\/puntos-de-interes\/red-garate-santa-barbara-natura-2000\/#breadcrumb","itemListElement":[{"@type":"ListItem","position":1,"name":"Home","item":"https:\/\/eraztunberdeurdina.eus\/es\/anillo-verde-azul\/"},{"@type":"ListItem","position":2,"name":"Puntos de inter\u00e9s","item":"https:\/\/eraztunberdeurdina.eus\/es\/puntos-de-interes\/"},{"@type":"ListItem","position":3,"name":"Red Garate-Santa Barbara Natura 2000"}]},{"@type":"WebSite","@id":"https:\/\/eraztunberdeurdina.eus\/#website","url":"https:\/\/eraztunberdeurdina.eus\/","name":"Zarauzko Eraztun Berde Urdina","description":"Herri-inguruko berdeguneen zaintza","publisher":{"@id":"https:\/\/eraztunberdeurdina.eus\/#organization"},"potentialAction":[{"@type":"SearchAction","target":{"@type":"EntryPoint","urlTemplate":"https:\/\/eraztunberdeurdina.eus\/?s={search_term_string}"},"query-input":{"@type":"PropertyValueSpecification","valueRequired":true,"valueName":"search_term_string"}}],"inLanguage":"es"},{"@type":"Organization","@id":"https:\/\/eraztunberdeurdina.eus\/#organization","name":"Zarauzko Eraztun Berde Urdina","url":"https:\/\/eraztunberdeurdina.eus\/","logo":{"@type":"ImageObject","inLanguage":"es","@id":"https:\/\/eraztunberdeurdina.eus\/#\/schema\/logo\/image\/","url":"https:\/\/eraztunberdeurdina.eus\/wp-content\/uploads\/2018\/07\/EBUkoloretan.jpg","contentUrl":"https:\/\/eraztunberdeurdina.eus\/wp-content\/uploads\/2018\/07\/EBUkoloretan.jpg","width":934,"height":687,"caption":"Zarauzko Eraztun Berde Urdina"},"image":{"@id":"https:\/\/eraztunberdeurdina.eus\/#\/schema\/logo\/image\/"}}]}},"_links":{"self":[{"href":"https:\/\/eraztunberdeurdina.eus\/es\/wp-json\/wp\/v2\/interes-guneak\/5526","targetHints":{"allow":["GET"]}}],"collection":[{"href":"https:\/\/eraztunberdeurdina.eus\/es\/wp-json\/wp\/v2\/interes-guneak"}],"about":[{"href":"https:\/\/eraztunberdeurdina.eus\/es\/wp-json\/wp\/v2\/types\/interes-guneak"}],"wp:featuredmedia":[{"embeddable":true,"href":"https:\/\/eraztunberdeurdina.eus\/es\/wp-json\/wp\/v2\/media\/925"}],"wp:attachment":[{"href":"https:\/\/eraztunberdeurdina.eus\/es\/wp-json\/wp\/v2\/media?parent=5526"}],"curies":[{"name":"wp","href":"https:\/\/api.w.org\/{rel}","templated":true}]}}