{"id":5532,"date":"2026-04-14T10:25:54","date_gmt":"2026-04-14T08:25:54","guid":{"rendered":"https:\/\/eraztunberdeurdina.eus\/?post_type=interes-guneak&#038;p=5532"},"modified":"2026-04-15T09:26:54","modified_gmt":"2026-04-15T07:26:54","slug":"malla-harria","status":"publish","type":"interes-guneak","link":"https:\/\/eraztunberdeurdina.eus\/es\/puntos-de-interes\/malla-harria\/","title":{"rendered":"Malla Harria"},"content":{"rendered":"\n<p>El Paisaje Natural Protegido de I\u00f1urritza incluye tambi\u00e9n los alrededores de Malla-Harria (para los vecinos de Zarautz, \u00abMollarri\u00bb). Se trata de una colina situada al este de la marisma y las dunas, con elementos de gran valor paisaj\u00edstico, natural y cultural.<\/p>\n\n\n\n<p>Desde el punto de vista paisaj\u00edstico se puede disfrutar de una inmejorable vista panor\u00e1mica, ya que desde all\u00ed se puede contemplar el acantilado, el mar, la playa, todo el casco urbano y el entorno monta\u00f1oso.<\/p>\n\n\n\n<p>Tambi\u00e9n es un \u00e1rea de gran inter\u00e9s natural. Entre las aves se encuentra el halc\u00f3n peregrino (Falco peregrinus), incluido en el Cat\u00e1logo Vasco de Especies Amenazadas. En cuanto a la vegetaci\u00f3n, se encuentra el brezal atl\u00e1ntico (Erica Vagans) de gran valor natural.<\/p>\n\n\n\n<p>Por \u00faltimo, se encuentra el cargadero Malla Harria. Se trata de una instalaci\u00f3n del siglo XIX relacionada con la explotaci\u00f3n de las minas. Tra\u00edan a esta zona de Zarautz mineral de hierro extra\u00eddo de las minas de Andazarrate, en Asteasu, para su carga en barcos. Ten\u00eda once kil\u00f3metros de largo hasta el dep\u00f3sito que tra\u00edan con una l\u00ednea de tranv\u00eda a\u00e9reo. Seguidamente se realizaba el trayecto desde el almac\u00e9n hasta el puente cargador.<\/p>\n","protected":false},"featured_media":4745,"template":"","meta":{"_acf_changed":true,"site-sidebar-layout":"default","site-content-layout":"","ast-site-content-layout":"full-width-container","site-content-style":"default","site-sidebar-style":"default","ast-global-header-display":"","ast-banner-title-visibility":"","ast-main-header-display":"","ast-hfb-above-header-display":"","ast-hfb-below-header-display":"","ast-hfb-mobile-header-display":"","site-post-title":"","ast-breadcrumbs-content":"","ast-featured-img":"","footer-sml-layout":"","ast-disable-related-posts":"","theme-transparent-header-meta":"","adv-header-id-meta":"","stick-header-meta":"","header-above-stick-meta":"","header-main-stick-meta":"","header-below-stick-meta":"","astra-migrate-meta-layouts":"default","ast-page-background-enabled":"default","ast-page-background-meta":{"desktop":{"background-color":"var(--ast-global-color-5)","background-image":"","background-repeat":"repeat","background-position":"center center","background-size":"auto","background-attachment":"scroll","background-type":"","background-media":"","overlay-type":"","overlay-color":"","overlay-opacity":"","overlay-gradient":""},"tablet":{"background-color":"","background-image":"","background-repeat":"repeat","background-position":"center center","background-size":"auto","background-attachment":"scroll","background-type":"","background-media":"","overlay-type":"","overlay-color":"","overlay-opacity":"","overlay-gradient":""},"mobile":{"background-color":"","background-image":"","background-repeat":"repeat","background-position":"center center","background-size":"auto","background-attachment":"scroll","background-type":"","background-media":"","overlay-type":"","overlay-color":"","overlay-opacity":"","overlay-gradient":""}},"ast-content-background-meta":{"desktop":{"background-color":"var(--ast-global-color-4)","background-image":"","background-repeat":"repeat","background-position":"center center","background-size":"auto","background-attachment":"scroll","background-type":"","background-media":"","overlay-type":"","overlay-color":"","overlay-opacity":"","overlay-gradient":""},"tablet":{"background-color":"var(--ast-global-color-4)","background-image":"","background-repeat":"repeat","background-position":"center center","background-size":"auto","background-attachment":"scroll","background-type":"","background-media":"","overlay-type":"","overlay-color":"","overlay-opacity":"","overlay-gradient":""},"mobile":{"background-color":"var(--ast-global-color-4)","background-image":"","background-repeat":"repeat","background-position":"center center","background-size":"auto","background-attachment":"scroll","background-type":"","background-media":"","overlay-type":"","overlay-color":"","overlay-opacity":"","overlay-gradient":""}}},"class_list":["post-5532","interes-guneak","type-interes-guneak","status-publish","has-post-thumbnail","hentry"],"acf":[],"yoast_head":"<!-- This site is optimized with the Yoast SEO plugin v27.1.1 - https:\/\/yoast.com\/product\/yoast-seo-wordpress\/ -->\n<title>Malla Harria - Anillo Verde Azul de Zarautz<\/title>\n<meta name=\"description\" content=\"El Paisaje Natural Protegido de I\u00f1urritza incluye tambi\u00e9n los alrededores de Malla-Harria. Se trata de una colina situada al este de la marisma y las dunas.\" \/>\n<meta name=\"robots\" content=\"index, follow, max-snippet:-1, max-image-preview:large, max-video-preview:-1\" \/>\n<link rel=\"canonical\" href=\"https:\/\/eraztunberdeurdina.eus\/es\/puntos-de-interes\/malla-harria\/\" \/>\n<meta property=\"og:locale\" content=\"es_ES\" \/>\n<meta property=\"og:type\" content=\"article\" \/>\n<meta property=\"og:title\" content=\"Malla Harria - Anillo Verde Azul de Zarautz\" \/>\n<meta property=\"og:description\" content=\"El Paisaje Natural Protegido de I\u00f1urritza incluye tambi\u00e9n los alrededores de Malla-Harria. Se trata de una colina situada al este de la marisma y las dunas.\" \/>\n<meta property=\"og:url\" content=\"https:\/\/eraztunberdeurdina.eus\/es\/puntos-de-interes\/malla-harria\/\" \/>\n<meta property=\"og:site_name\" content=\"Anillo Verde Azul de Zarautz\" \/>\n<meta property=\"article:modified_time\" content=\"2026-04-15T07:26:54+00:00\" \/>\n<meta property=\"og:image\" content=\"https:\/\/eraztunberdeurdina.eus\/wp-content\/uploads\/2026\/02\/Talaimendi-bidea-Mollarri.jpg\" \/>\n\t<meta property=\"og:image:width\" content=\"1500\" \/>\n\t<meta property=\"og:image:height\" content=\"1000\" \/>\n\t<meta property=\"og:image:type\" content=\"image\/jpeg\" \/>\n<meta name=\"twitter:card\" content=\"summary_large_image\" \/>\n<meta name=\"twitter:label1\" content=\"Tiempo de lectura\" \/>\n\t<meta name=\"twitter:data1\" content=\"2 minutos\" \/>\n<script type=\"application\/ld+json\" class=\"yoast-schema-graph\">{\"@context\":\"https:\/\/schema.org\",\"@graph\":[{\"@type\":\"WebPage\",\"@id\":\"https:\/\/eraztunberdeurdina.eus\/es\/puntos-de-interes\/malla-harria\/\",\"url\":\"https:\/\/eraztunberdeurdina.eus\/es\/puntos-de-interes\/malla-harria\/\",\"name\":\"Malla Harria - Anillo Verde Azul de Zarautz\",\"isPartOf\":{\"@id\":\"https:\/\/eraztunberdeurdina.eus\/#website\"},\"primaryImageOfPage\":{\"@id\":\"https:\/\/eraztunberdeurdina.eus\/es\/puntos-de-interes\/malla-harria\/#primaryimage\"},\"image\":{\"@id\":\"https:\/\/eraztunberdeurdina.eus\/es\/puntos-de-interes\/malla-harria\/#primaryimage\"},\"thumbnailUrl\":\"https:\/\/eraztunberdeurdina.eus\/wp-content\/uploads\/2026\/02\/Talaimendi-bidea-Mollarri.jpg\",\"datePublished\":\"2026-04-14T08:25:54+00:00\",\"dateModified\":\"2026-04-15T07:26:54+00:00\",\"description\":\"El Paisaje Natural Protegido de I\u00f1urritza incluye tambi\u00e9n los alrededores de Malla-Harria. Se trata de una colina situada al este de la marisma y las dunas.\",\"breadcrumb\":{\"@id\":\"https:\/\/eraztunberdeurdina.eus\/es\/puntos-de-interes\/malla-harria\/#breadcrumb\"},\"inLanguage\":\"es\",\"potentialAction\":[{\"@type\":\"ReadAction\",\"target\":[\"https:\/\/eraztunberdeurdina.eus\/es\/puntos-de-interes\/malla-harria\/\"]}]},{\"@type\":\"ImageObject\",\"inLanguage\":\"es\",\"@id\":\"https:\/\/eraztunberdeurdina.eus\/es\/puntos-de-interes\/malla-harria\/#primaryimage\",\"url\":\"https:\/\/eraztunberdeurdina.eus\/wp-content\/uploads\/2026\/02\/Talaimendi-bidea-Mollarri.jpg\",\"contentUrl\":\"https:\/\/eraztunberdeurdina.eus\/wp-content\/uploads\/2026\/02\/Talaimendi-bidea-Mollarri.jpg\",\"width\":1500,\"height\":1000,\"caption\":\"Talaimendi-bidea-Mollarri\"},{\"@type\":\"BreadcrumbList\",\"@id\":\"https:\/\/eraztunberdeurdina.eus\/es\/puntos-de-interes\/malla-harria\/#breadcrumb\",\"itemListElement\":[{\"@type\":\"ListItem\",\"position\":1,\"name\":\"Home\",\"item\":\"https:\/\/eraztunberdeurdina.eus\/es\/anillo-verde-azul\/\"},{\"@type\":\"ListItem\",\"position\":2,\"name\":\"Puntos de inter\u00e9s\",\"item\":\"https:\/\/eraztunberdeurdina.eus\/es\/puntos-de-interes\/\"},{\"@type\":\"ListItem\",\"position\":3,\"name\":\"Malla Harria\"}]},{\"@type\":\"WebSite\",\"@id\":\"https:\/\/eraztunberdeurdina.eus\/#website\",\"url\":\"https:\/\/eraztunberdeurdina.eus\/\",\"name\":\"Zarauzko Eraztun Berde Urdina\",\"description\":\"Herri-inguruko berdeguneen zaintza\",\"publisher\":{\"@id\":\"https:\/\/eraztunberdeurdina.eus\/#organization\"},\"potentialAction\":[{\"@type\":\"SearchAction\",\"target\":{\"@type\":\"EntryPoint\",\"urlTemplate\":\"https:\/\/eraztunberdeurdina.eus\/?s={search_term_string}\"},\"query-input\":{\"@type\":\"PropertyValueSpecification\",\"valueRequired\":true,\"valueName\":\"search_term_string\"}}],\"inLanguage\":\"es\"},{\"@type\":\"Organization\",\"@id\":\"https:\/\/eraztunberdeurdina.eus\/#organization\",\"name\":\"Zarauzko Eraztun Berde Urdina\",\"url\":\"https:\/\/eraztunberdeurdina.eus\/\",\"logo\":{\"@type\":\"ImageObject\",\"inLanguage\":\"es\",\"@id\":\"https:\/\/eraztunberdeurdina.eus\/#\/schema\/logo\/image\/\",\"url\":\"https:\/\/eraztunberdeurdina.eus\/wp-content\/uploads\/2018\/07\/EBUkoloretan.jpg\",\"contentUrl\":\"https:\/\/eraztunberdeurdina.eus\/wp-content\/uploads\/2018\/07\/EBUkoloretan.jpg\",\"width\":934,\"height\":687,\"caption\":\"Zarauzko Eraztun Berde Urdina\"},\"image\":{\"@id\":\"https:\/\/eraztunberdeurdina.eus\/#\/schema\/logo\/image\/\"}}]}<\/script>\n<!-- \/ Yoast SEO plugin. -->","yoast_head_json":{"title":"Malla Harria - Anillo Verde Azul de Zarautz","description":"El Paisaje Natural Protegido de I\u00f1urritza incluye tambi\u00e9n los alrededores de Malla-Harria. Se trata de una colina situada al este de la marisma y las dunas.","robots":{"index":"index","follow":"follow","max-snippet":"max-snippet:-1","max-image-preview":"max-image-preview:large","max-video-preview":"max-video-preview:-1"},"canonical":"https:\/\/eraztunberdeurdina.eus\/es\/puntos-de-interes\/malla-harria\/","og_locale":"es_ES","og_type":"article","og_title":"Malla Harria - Anillo Verde Azul de Zarautz","og_description":"El Paisaje Natural Protegido de I\u00f1urritza incluye tambi\u00e9n los alrededores de Malla-Harria. Se trata de una colina situada al este de la marisma y las dunas.","og_url":"https:\/\/eraztunberdeurdina.eus\/es\/puntos-de-interes\/malla-harria\/","og_site_name":"Anillo Verde Azul de Zarautz","article_modified_time":"2026-04-15T07:26:54+00:00","og_image":[{"width":1500,"height":1000,"url":"https:\/\/eraztunberdeurdina.eus\/wp-content\/uploads\/2026\/02\/Talaimendi-bidea-Mollarri.jpg","type":"image\/jpeg"}],"twitter_card":"summary_large_image","twitter_misc":{"Tiempo de lectura":"2 minutos"},"schema":{"@context":"https:\/\/schema.org","@graph":[{"@type":"WebPage","@id":"https:\/\/eraztunberdeurdina.eus\/es\/puntos-de-interes\/malla-harria\/","url":"https:\/\/eraztunberdeurdina.eus\/es\/puntos-de-interes\/malla-harria\/","name":"Malla Harria - Anillo Verde Azul de Zarautz","isPartOf":{"@id":"https:\/\/eraztunberdeurdina.eus\/#website"},"primaryImageOfPage":{"@id":"https:\/\/eraztunberdeurdina.eus\/es\/puntos-de-interes\/malla-harria\/#primaryimage"},"image":{"@id":"https:\/\/eraztunberdeurdina.eus\/es\/puntos-de-interes\/malla-harria\/#primaryimage"},"thumbnailUrl":"https:\/\/eraztunberdeurdina.eus\/wp-content\/uploads\/2026\/02\/Talaimendi-bidea-Mollarri.jpg","datePublished":"2026-04-14T08:25:54+00:00","dateModified":"2026-04-15T07:26:54+00:00","description":"El Paisaje Natural Protegido de I\u00f1urritza incluye tambi\u00e9n los alrededores de Malla-Harria. Se trata de una colina situada al este de la marisma y las dunas.","breadcrumb":{"@id":"https:\/\/eraztunberdeurdina.eus\/es\/puntos-de-interes\/malla-harria\/#breadcrumb"},"inLanguage":"es","potentialAction":[{"@type":"ReadAction","target":["https:\/\/eraztunberdeurdina.eus\/es\/puntos-de-interes\/malla-harria\/"]}]},{"@type":"ImageObject","inLanguage":"es","@id":"https:\/\/eraztunberdeurdina.eus\/es\/puntos-de-interes\/malla-harria\/#primaryimage","url":"https:\/\/eraztunberdeurdina.eus\/wp-content\/uploads\/2026\/02\/Talaimendi-bidea-Mollarri.jpg","contentUrl":"https:\/\/eraztunberdeurdina.eus\/wp-content\/uploads\/2026\/02\/Talaimendi-bidea-Mollarri.jpg","width":1500,"height":1000,"caption":"Talaimendi-bidea-Mollarri"},{"@type":"BreadcrumbList","@id":"https:\/\/eraztunberdeurdina.eus\/es\/puntos-de-interes\/malla-harria\/#breadcrumb","itemListElement":[{"@type":"ListItem","position":1,"name":"Home","item":"https:\/\/eraztunberdeurdina.eus\/es\/anillo-verde-azul\/"},{"@type":"ListItem","position":2,"name":"Puntos de inter\u00e9s","item":"https:\/\/eraztunberdeurdina.eus\/es\/puntos-de-interes\/"},{"@type":"ListItem","position":3,"name":"Malla Harria"}]},{"@type":"WebSite","@id":"https:\/\/eraztunberdeurdina.eus\/#website","url":"https:\/\/eraztunberdeurdina.eus\/","name":"Zarauzko Eraztun Berde Urdina","description":"Herri-inguruko berdeguneen zaintza","publisher":{"@id":"https:\/\/eraztunberdeurdina.eus\/#organization"},"potentialAction":[{"@type":"SearchAction","target":{"@type":"EntryPoint","urlTemplate":"https:\/\/eraztunberdeurdina.eus\/?s={search_term_string}"},"query-input":{"@type":"PropertyValueSpecification","valueRequired":true,"valueName":"search_term_string"}}],"inLanguage":"es"},{"@type":"Organization","@id":"https:\/\/eraztunberdeurdina.eus\/#organization","name":"Zarauzko Eraztun Berde Urdina","url":"https:\/\/eraztunberdeurdina.eus\/","logo":{"@type":"ImageObject","inLanguage":"es","@id":"https:\/\/eraztunberdeurdina.eus\/#\/schema\/logo\/image\/","url":"https:\/\/eraztunberdeurdina.eus\/wp-content\/uploads\/2018\/07\/EBUkoloretan.jpg","contentUrl":"https:\/\/eraztunberdeurdina.eus\/wp-content\/uploads\/2018\/07\/EBUkoloretan.jpg","width":934,"height":687,"caption":"Zarauzko Eraztun Berde Urdina"},"image":{"@id":"https:\/\/eraztunberdeurdina.eus\/#\/schema\/logo\/image\/"}}]}},"_links":{"self":[{"href":"https:\/\/eraztunberdeurdina.eus\/es\/wp-json\/wp\/v2\/interes-guneak\/5532","targetHints":{"allow":["GET"]}}],"collection":[{"href":"https:\/\/eraztunberdeurdina.eus\/es\/wp-json\/wp\/v2\/interes-guneak"}],"about":[{"href":"https:\/\/eraztunberdeurdina.eus\/es\/wp-json\/wp\/v2\/types\/interes-guneak"}],"wp:featuredmedia":[{"embeddable":true,"href":"https:\/\/eraztunberdeurdina.eus\/es\/wp-json\/wp\/v2\/media\/4745"}],"wp:attachment":[{"href":"https:\/\/eraztunberdeurdina.eus\/es\/wp-json\/wp\/v2\/media?parent=5532"}],"curies":[{"name":"wp","href":"https:\/\/api.w.org\/{rel}","templated":true}]}}