{"id":347,"date":"2018-07-28T10:57:58","date_gmt":"2018-07-28T08:57:58","guid":{"rendered":"https:\/\/eraztunberdeurdina.eus\/?page_id=347"},"modified":"2024-12-19T10:18:12","modified_gmt":"2024-12-19T09:18:12","slug":"politica-de-privacidad","status":"publish","type":"page","link":"https:\/\/eraztunberdeurdina.eus\/es\/politica-de-privacidad\/","title":{"rendered":"Pol\u00edtica de privacidad"},"content":{"rendered":"<p>[vc_row][vc_column][vc_column_text]<\/p>\n<h5>Pol\u00edtica de privacidad<\/h5>\n<p>En cumplimiento de lo establecido en la L.O. 15\/1999 de Protecci\u00f3n de Datos de Car\u00e1cter Personal, ZARAUZKO UDALA le informa que sus datos ser\u00e1n incorporados a un fichero automatizado con la finalidad de prestar y ofrecer nuestros servicios de Marketing online. Los datos recogidos son almacenados bajo la confidencialidad y las medidas de seguridad legalmente establecidas y no ser\u00e1n cedidos ni compartidos con empresas ni entidades ajenas a ZARAUZKO UDALA. Igualmente deseamos informarle que podr\u00e1 ejercer los derechos de acceso, rectificaci\u00f3n cancelaci\u00f3n u oposici\u00f3n a trav\u00e9s de los siguientes medios: e-mail\u00a0(n-ollokiegi@zarautz.eus)<\/p>\n<p>&nbsp;<\/p>\n<p>&nbsp;<\/p>\n<p>&nbsp;<\/p>\n<p>&nbsp;<\/p>\n<p>[\/vc_column_text][vc_column_text]<\/p>\n<h5>Pol\u00edtica de privacidad<\/h5>\n<section class=\"vc_row wpb_row vc_row-fluid vc-zozo-section typo-dark\">\n<div class=\"zozo-vc-main-row-inner vc-normal-section\">\n<div class=\"wpb_column vc_column_container vc_col-sm-12 typo-default\">\n<div class=\"vc_column-inner \">\n<div class=\"wpb_wrapper\">\n<div class=\"wpb_text_column wpb_content_element \">\n<div class=\"wpb_wrapper\">\n<p>El Ayuntamiento de Zarautz trata datos en el \u00e1mbito de registro, gesti\u00f3n y seguimiento de los expedientes de Urbanismo, as\u00ed como denuncias medio ambientales y solicitudes de medici\u00f3n de ruidos de acuerdo con la Ley 7\/1985 de Bases del R\u00e9gimen Local y legislaci\u00f3n sectorial aplicable. Los datos personales podr\u00e1n ser comunicados a otras Administraciones P\u00fablicas con competencia en materia urban\u00edstica y de medio ambiente como DFB-BFA y Gobierno Vasco. La persona interesada tiene derecho de acceso, rectificaci\u00f3n, supresi\u00f3n de sus datos, y la limitaci\u00f3n u oposici\u00f3n a su tratamiento mediante el env\u00edo de una comunicaci\u00f3n a la direcci\u00f3n del Ayuntamiento o al correo electr\u00f3nico <a href=\"mailto:%20dbo-dpd@zarautz.eus\">dbo-dpd@zarautz.eus<\/a>, as\u00ed como ampliar informaci\u00f3n en el portal de transparencia en\u00a0<a href=\"https:\/\/www.zarautz.eus\/es\/registro-de-actividades-de-tratamiento\">https:\/\/www.zarautz.eus\/es\/registro-de-actividades-de-tratamiento<\/a><\/p>\n<p lang=\"es-ES\" align=\"justify\"><span style=\"font-family: Calibri, serif;\">El RGPD establece la necesidad de la llevanza de un registro interno de actividades de tratamiento, como instrumento primordial para demostrar el cumplimiento y facilitar la supervisi\u00f3n de los tratamientos.<\/span><\/p>\n<p lang=\"es-ES\" align=\"justify\"><span style=\"font-family: Calibri, serif;\">Como medida de transparencia, las Administraciones P\u00fablicas deben hacer p\u00fablico su inventario de actividades de tratamiento, accesible por medios electr\u00f3nicos.<\/span><\/p>\n<p class=\"western\" lang=\"es-ES\" align=\"justify\"><span style=\"font-family: Calibri, serif;\"><span style=\"color: #333333;\">El <\/span><a href=\"https:\/\/www.zarautz.eus\/es\/registro-de-actividades-de-tratamiento\"><b><span style=\"color: #333333;\"><i>Registro de Actividades de Tratamiento del Ayuntamiento de Zarautz <\/i><\/span><\/b><\/a><span style=\"color: #333333;\">se publica, para su conocimiento, en esta secci\u00f3n<\/span><span style=\"color: #333333;\"><span style=\"font-family: Arial, serif;\"><span style=\"font-size: small;\">.<\/span><\/span><\/span><\/span><\/p>\n<h4 lang=\"es-ES\" align=\"justify\"><\/h4>\n<h4 lang=\"es-ES\" align=\"justify\"><\/h4>\n<h4 lang=\"es-ES\" align=\"justify\">Gesti\u00f3n de urbanismo y medio ambiente<\/h4>\n<p lang=\"es-ES\" align=\"justify\"><strong>Fines y legitimaci\u00f3n del tratamiento<\/strong><\/p>\n<p lang=\"es-ES\" align=\"justify\">Registro, gesti\u00f3n y seguimiento de los expedientes de Urbanismo. Gesti\u00f3n de denuncias medio ambientales y urban\u00edsticas, as\u00ed como solicitudes de medici\u00f3n de ruidos de acuerdo con la Ley 7\/1985 de Bases del R\u00e9gimen Local y legislaci\u00f3n sectorial aplicable (Ley 2\/2006 de suelo y urbanismo de Euskadi).<\/p>\n<\/div>\n<p lang=\"es-ES\" align=\"justify\"><strong>Descripci\u00f3n de las categor\u00edas de interesados\/as:<\/strong> Ciudadan\u00eda y personas solicitantes<\/p>\n<p lang=\"es-ES\" align=\"justify\">Categor\u00edas de datos personales:<\/p>\n<ul>\n<li lang=\"es-ES\">Identificativos: nombre y apellidos, DNI, direcci\u00f3n (postal, electr\u00f3nica), tel\u00e9fono\/fax, correo electr\u00f3nico, otros: solicitud y consulta, fecha. N\u00ba de registro.<\/li>\n<li lang=\"es-ES\">Caracter\u00edsticas personales: idioma preferente para las comunicaciones<\/li>\n<li lang=\"es-ES\">Circunstancias sociales: propiedades y posesiones, licencias, permisos, autorizaciones, otros: ubicaci\u00f3n\/emplazamiento\/referencia catastral, maquinaria, datos de veh\u00edculo, hecho denunciado.<\/li>\n<li lang=\"es-ES\">Empleo: puesto de trabajo.<\/li>\n<li lang=\"es-ES\">Acad\u00e9micos y profesionales: pertenencia a colegios o asociaciones profesionales, otros: n\u00ba de colegiado<\/li>\n<li lang=\"es-ES\">Informaci\u00f3n comercial: actividades y negocios, otros: nombre comercial, documentaci\u00f3n aportada, datos de la obra y\/o proyecto o uso solicitado<\/li>\n<li lang=\"es-ES\">Econ\u00f3mico financieros: datos bancarios, otros: modo de pago<\/li>\n<\/ul>\n<p lang=\"es-ES\" align=\"justify\"><strong>Categor\u00edas de personas destinatarias a quienes se comunicaron o comunicar\u00e1n los datos personales, incluidas las personas destinatarias en terceros pa\u00edses u organizaciones internacionales:<\/strong><\/p>\n<ul>\n<li lang=\"es-ES\">Otras administraciones p\u00fablicas: Diputaci\u00f3n Foral y Gobierno Vasco en el \u00e1mbito de sus competencias.<\/li>\n<li lang=\"es-ES\">Otras Administraciones P\u00fablicas con competencia en la materia<\/li>\n<\/ul>\n<p><strong>Cuando sea posible, los plazos previstos para la supresi\u00f3n de las diferentes categor\u00edas de datos:<\/strong><\/p>\n<div class=\"wpb_wrapper\">\n<p lang=\"es-ES\" align=\"justify\">Los datos ser\u00e1n objeto de tratamiento durante la actividad administrativa y conservados en funci\u00f3n de las posibles responsabilidades jur\u00eddicas derivadas del tratamiento, as\u00ed como por la normativa de Patrimonio Cultural Vasco (Ley 6\/2019, de 9 de mayo, de Patrimonio Cultural Vasco) y Gesti\u00f3n y Patrimonio Documental (y Ley 5\/2022, de 23 de junio, de Gesti\u00f3n Documental Integral y Patrimonio Documental de la Comunidad Aut\u00f3noma del Pa\u00eds Vasco).<\/p>\n<p lang=\"es-ES\" align=\"justify\"><strong>Cuando sea posible, una descripci\u00f3n general de las medidas t\u00e9cnicas y organizativas de seguridad:<\/strong><\/p>\n<p lang=\"es-ES\" align=\"justify\">Categorizaci\u00f3n de sistemas de informaci\u00f3n y aplicaci\u00f3n de medidas de seguridad de acuerdo con lo dispuesto en el Real Decreto 311\/2022, de 3 de mayo, por el que se regula el Esquema Nacional de Seguridad.<\/p>\n<\/div>\n<\/div>\n<\/div>\n<\/div>\n<\/div>\n<\/div>\n<\/section>\n<p>[\/vc_column_text][\/vc_column][\/vc_row]<\/p>\n","protected":false},"excerpt":{"rendered":"<p>[vc_row][vc_column][vc_column_text] Pol\u00edtica de privacidad En cumplimiento de lo establecido en la L.O. 15\/1999 de Protecci\u00f3n de Datos de Car\u00e1cter Personal, [&hellip;]<\/p>\n","protected":false},"author":1,"featured_media":0,"parent":0,"menu_order":0,"comment_status":"closed","ping_status":"closed","template":"","meta":{"_acf_changed":false,"site-sidebar-layout":"default","site-content-layout":"","ast-site-content-layout":"default","site-content-style":"default","site-sidebar-style":"default","ast-global-header-display":"","ast-banner-title-visibility":"","ast-main-header-display":"","ast-hfb-above-header-display":"","ast-hfb-below-header-display":"","ast-hfb-mobile-header-display":"","site-post-title":"","ast-breadcrumbs-content":"","ast-featured-img":"","footer-sml-layout":"","ast-disable-related-posts":"","theme-transparent-header-meta":"","adv-header-id-meta":"","stick-header-meta":"","header-above-stick-meta":"","header-main-stick-meta":"","header-below-stick-meta":"","astra-migrate-meta-layouts":"default","ast-page-background-enabled":"default","ast-page-background-meta":{"desktop":{"background-color":"var(--ast-global-color-5)","background-image":"","background-repeat":"repeat","background-position":"center center","background-size":"auto","background-attachment":"scroll","background-type":"","background-media":"","overlay-type":"","overlay-color":"","overlay-opacity":"","overlay-gradient":""},"tablet":{"background-color":"","background-image":"","background-repeat":"repeat","background-position":"center center","background-size":"auto","background-attachment":"scroll","background-type":"","background-media":"","overlay-type":"","overlay-color":"","overlay-opacity":"","overlay-gradient":""},"mobile":{"background-color":"","background-image":"","background-repeat":"repeat","background-position":"center center","background-size":"auto","background-attachment":"scroll","background-type":"","background-media":"","overlay-type":"","overlay-color":"","overlay-opacity":"","overlay-gradient":""}},"ast-content-background-meta":{"desktop":{"background-color":"var(--ast-global-color-4)","background-image":"","background-repeat":"repeat","background-position":"center center","background-size":"auto","background-attachment":"scroll","background-type":"","background-media":"","overlay-type":"","overlay-color":"","overlay-opacity":"","overlay-gradient":""},"tablet":{"background-color":"var(--ast-global-color-4)","background-image":"","background-repeat":"repeat","background-position":"center center","background-size":"auto","background-attachment":"scroll","background-type":"","background-media":"","overlay-type":"","overlay-color":"","overlay-opacity":"","overlay-gradient":""},"mobile":{"background-color":"var(--ast-global-color-4)","background-image":"","background-repeat":"repeat","background-position":"center center","background-size":"auto","background-attachment":"scroll","background-type":"","background-media":"","overlay-type":"","overlay-color":"","overlay-opacity":"","overlay-gradient":""}},"footnotes":""},"class_list":["post-347","page","type-page","status-publish","hentry"],"acf":[],"yoast_head":"<!-- This site is optimized with the Yoast SEO plugin v27.1.1 - https:\/\/yoast.com\/product\/yoast-seo-wordpress\/ -->\n<title>Pol\u00edtica de privacidad - Anillo Verde Azul de Zarautz<\/title>\n<meta name=\"robots\" content=\"noindex, follow\" \/>\n<meta property=\"og:locale\" content=\"es_ES\" \/>\n<meta property=\"og:type\" content=\"article\" \/>\n<meta property=\"og:title\" content=\"Pol\u00edtica de privacidad - Anillo Verde Azul de Zarautz\" \/>\n<meta property=\"og:description\" content=\"[vc_row][vc_column][vc_column_text] Pol\u00edtica de privacidad En cumplimiento de lo establecido en la L.O. 15\/1999 de Protecci\u00f3n de Datos de Car\u00e1cter Personal, [&hellip;]\" \/>\n<meta property=\"og:url\" content=\"https:\/\/eraztunberdeurdina.eus\/es\/politica-de-privacidad\/\" \/>\n<meta property=\"og:site_name\" content=\"Anillo Verde Azul de Zarautz\" \/>\n<meta property=\"article:modified_time\" content=\"2024-12-19T09:18:12+00:00\" \/>\n<meta name=\"twitter:card\" content=\"summary_large_image\" \/>\n<meta name=\"twitter:label1\" content=\"Tiempo de lectura\" \/>\n\t<meta name=\"twitter:data1\" content=\"4 minutos\" \/>\n<script type=\"application\/ld+json\" class=\"yoast-schema-graph\">{\"@context\":\"https:\/\/schema.org\",\"@graph\":[{\"@type\":\"WebPage\",\"@id\":\"https:\/\/eraztunberdeurdina.eus\/es\/politica-de-privacidad\/\",\"url\":\"https:\/\/eraztunberdeurdina.eus\/es\/politica-de-privacidad\/\",\"name\":\"Pol\u00edtica de privacidad - Anillo Verde Azul de Zarautz\",\"isPartOf\":{\"@id\":\"https:\/\/eraztunberdeurdina.eus\/#website\"},\"datePublished\":\"2018-07-28T08:57:58+00:00\",\"dateModified\":\"2024-12-19T09:18:12+00:00\",\"breadcrumb\":{\"@id\":\"https:\/\/eraztunberdeurdina.eus\/es\/politica-de-privacidad\/#breadcrumb\"},\"inLanguage\":\"es\",\"potentialAction\":[{\"@type\":\"ReadAction\",\"target\":[\"https:\/\/eraztunberdeurdina.eus\/es\/politica-de-privacidad\/\"]}]},{\"@type\":\"BreadcrumbList\",\"@id\":\"https:\/\/eraztunberdeurdina.eus\/es\/politica-de-privacidad\/#breadcrumb\",\"itemListElement\":[{\"@type\":\"ListItem\",\"position\":1,\"name\":\"Home\",\"item\":\"https:\/\/eraztunberdeurdina.eus\/es\/anillo-verde-azul\/\"},{\"@type\":\"ListItem\",\"position\":2,\"name\":\"Pol\u00edtica de privacidad\"}]},{\"@type\":\"WebSite\",\"@id\":\"https:\/\/eraztunberdeurdina.eus\/#website\",\"url\":\"https:\/\/eraztunberdeurdina.eus\/\",\"name\":\"Zarauzko Eraztun Berde Urdina\",\"description\":\"Herri-inguruko berdeguneen zaintza\",\"publisher\":{\"@id\":\"https:\/\/eraztunberdeurdina.eus\/#organization\"},\"potentialAction\":[{\"@type\":\"SearchAction\",\"target\":{\"@type\":\"EntryPoint\",\"urlTemplate\":\"https:\/\/eraztunberdeurdina.eus\/?s={search_term_string}\"},\"query-input\":{\"@type\":\"PropertyValueSpecification\",\"valueRequired\":true,\"valueName\":\"search_term_string\"}}],\"inLanguage\":\"es\"},{\"@type\":\"Organization\",\"@id\":\"https:\/\/eraztunberdeurdina.eus\/#organization\",\"name\":\"Zarauzko Eraztun Berde Urdina\",\"url\":\"https:\/\/eraztunberdeurdina.eus\/\",\"logo\":{\"@type\":\"ImageObject\",\"inLanguage\":\"es\",\"@id\":\"https:\/\/eraztunberdeurdina.eus\/#\/schema\/logo\/image\/\",\"url\":\"https:\/\/eraztunberdeurdina.eus\/wp-content\/uploads\/2018\/07\/EBUkoloretan.jpg\",\"contentUrl\":\"https:\/\/eraztunberdeurdina.eus\/wp-content\/uploads\/2018\/07\/EBUkoloretan.jpg\",\"width\":934,\"height\":687,\"caption\":\"Zarauzko Eraztun Berde Urdina\"},\"image\":{\"@id\":\"https:\/\/eraztunberdeurdina.eus\/#\/schema\/logo\/image\/\"}}]}<\/script>\n<!-- \/ Yoast SEO plugin. -->","yoast_head_json":{"title":"Pol\u00edtica de privacidad - Anillo Verde Azul de Zarautz","robots":{"index":"noindex","follow":"follow"},"og_locale":"es_ES","og_type":"article","og_title":"Pol\u00edtica de privacidad - Anillo Verde Azul de Zarautz","og_description":"[vc_row][vc_column][vc_column_text] Pol\u00edtica de privacidad En cumplimiento de lo establecido en la L.O. 15\/1999 de Protecci\u00f3n de Datos de Car\u00e1cter Personal, [&hellip;]","og_url":"https:\/\/eraztunberdeurdina.eus\/es\/politica-de-privacidad\/","og_site_name":"Anillo Verde Azul de Zarautz","article_modified_time":"2024-12-19T09:18:12+00:00","twitter_card":"summary_large_image","twitter_misc":{"Tiempo de lectura":"4 minutos"},"schema":{"@context":"https:\/\/schema.org","@graph":[{"@type":"WebPage","@id":"https:\/\/eraztunberdeurdina.eus\/es\/politica-de-privacidad\/","url":"https:\/\/eraztunberdeurdina.eus\/es\/politica-de-privacidad\/","name":"Pol\u00edtica de privacidad - Anillo Verde Azul de Zarautz","isPartOf":{"@id":"https:\/\/eraztunberdeurdina.eus\/#website"},"datePublished":"2018-07-28T08:57:58+00:00","dateModified":"2024-12-19T09:18:12+00:00","breadcrumb":{"@id":"https:\/\/eraztunberdeurdina.eus\/es\/politica-de-privacidad\/#breadcrumb"},"inLanguage":"es","potentialAction":[{"@type":"ReadAction","target":["https:\/\/eraztunberdeurdina.eus\/es\/politica-de-privacidad\/"]}]},{"@type":"BreadcrumbList","@id":"https:\/\/eraztunberdeurdina.eus\/es\/politica-de-privacidad\/#breadcrumb","itemListElement":[{"@type":"ListItem","position":1,"name":"Home","item":"https:\/\/eraztunberdeurdina.eus\/es\/anillo-verde-azul\/"},{"@type":"ListItem","position":2,"name":"Pol\u00edtica de privacidad"}]},{"@type":"WebSite","@id":"https:\/\/eraztunberdeurdina.eus\/#website","url":"https:\/\/eraztunberdeurdina.eus\/","name":"Zarauzko Eraztun Berde Urdina","description":"Herri-inguruko berdeguneen zaintza","publisher":{"@id":"https:\/\/eraztunberdeurdina.eus\/#organization"},"potentialAction":[{"@type":"SearchAction","target":{"@type":"EntryPoint","urlTemplate":"https:\/\/eraztunberdeurdina.eus\/?s={search_term_string}"},"query-input":{"@type":"PropertyValueSpecification","valueRequired":true,"valueName":"search_term_string"}}],"inLanguage":"es"},{"@type":"Organization","@id":"https:\/\/eraztunberdeurdina.eus\/#organization","name":"Zarauzko Eraztun Berde Urdina","url":"https:\/\/eraztunberdeurdina.eus\/","logo":{"@type":"ImageObject","inLanguage":"es","@id":"https:\/\/eraztunberdeurdina.eus\/#\/schema\/logo\/image\/","url":"https:\/\/eraztunberdeurdina.eus\/wp-content\/uploads\/2018\/07\/EBUkoloretan.jpg","contentUrl":"https:\/\/eraztunberdeurdina.eus\/wp-content\/uploads\/2018\/07\/EBUkoloretan.jpg","width":934,"height":687,"caption":"Zarauzko Eraztun Berde Urdina"},"image":{"@id":"https:\/\/eraztunberdeurdina.eus\/#\/schema\/logo\/image\/"}}]}},"_links":{"self":[{"href":"https:\/\/eraztunberdeurdina.eus\/es\/wp-json\/wp\/v2\/pages\/347","targetHints":{"allow":["GET"]}}],"collection":[{"href":"https:\/\/eraztunberdeurdina.eus\/es\/wp-json\/wp\/v2\/pages"}],"about":[{"href":"https:\/\/eraztunberdeurdina.eus\/es\/wp-json\/wp\/v2\/types\/page"}],"author":[{"embeddable":true,"href":"https:\/\/eraztunberdeurdina.eus\/es\/wp-json\/wp\/v2\/users\/1"}],"replies":[{"embeddable":true,"href":"https:\/\/eraztunberdeurdina.eus\/es\/wp-json\/wp\/v2\/comments?post=347"}],"version-history":[{"count":9,"href":"https:\/\/eraztunberdeurdina.eus\/es\/wp-json\/wp\/v2\/pages\/347\/revisions"}],"predecessor-version":[{"id":3742,"href":"https:\/\/eraztunberdeurdina.eus\/es\/wp-json\/wp\/v2\/pages\/347\/revisions\/3742"}],"wp:attachment":[{"href":"https:\/\/eraztunberdeurdina.eus\/es\/wp-json\/wp\/v2\/media?parent=347"}],"curies":[{"name":"wp","href":"https:\/\/api.w.org\/{rel}","templated":true}]}}