{"id":4125,"date":"2025-05-19T13:58:05","date_gmt":"2025-05-19T11:58:05","guid":{"rendered":"https:\/\/eraztunberdeurdina.eus\/?page_id=4125"},"modified":"2026-04-28T12:25:28","modified_gmt":"2026-04-28T10:25:28","slug":"itinerario-permanente-de-orientacion","status":"publish","type":"page","link":"https:\/\/eraztunberdeurdina.eus\/es\/itinerario-permanente-de-orientacion\/","title":{"rendered":"Itinerario permanente de orientaci\u00f3n"},"content":{"rendered":"\t\t<div data-elementor-type=\"wp-page\" data-elementor-id=\"4125\" class=\"elementor elementor-4125 elementor-4121\" data-elementor-post-type=\"page\">\n\t\t\t\t<div class=\"elementor-element elementor-element-ff651a5 e-con-full e-flex e-con e-parent\" data-id=\"ff651a5\" data-element_type=\"container\" data-settings=\"{&quot;background_background&quot;:&quot;classic&quot;}\">\n\t\t\t\t<div class=\"elementor-element elementor-element-48149fd elementor-widget elementor-widget-heading\" data-id=\"48149fd\" data-element_type=\"widget\" data-widget_type=\"heading.default\">\n\t\t\t\t\t<h1 class=\"elementor-heading-title elementor-size-default\">Itinerario Permanente de Orientacion<\/h1>\t\t\t\t<\/div>\n\t\t\t\t<\/div>\n\t\t<div class=\"elementor-element elementor-element-0e66e5f e-flex e-con-boxed e-con e-parent\" data-id=\"0e66e5f\" data-element_type=\"container\">\n\t\t\t\t\t<div class=\"e-con-inner\">\n\t\t<div class=\"elementor-element elementor-element-857c429 e-con-full e-flex e-con e-child\" data-id=\"857c429\" data-element_type=\"container\">\n\t\t\t\t<div class=\"elementor-element elementor-element-6db555a elementor-widget elementor-widget-text-editor\" data-id=\"6db555a\" data-element_type=\"widget\" data-widget_type=\"text-editor.default\">\n\t\t\t\t\t\t\t\t\t<p>El Ayuntamiento de Zarautz y el GOT Gipuzkoako Orientazio Taldea, con arraigo en la localidad, han realizado nuevas rutas de deporte de orientaci\u00f3n. De esta manera, se incrementar\u00e1 la oferta deportiva al aire libre en Zarautz y se podr\u00e1 disfrutar de la orientaci\u00f3n.<\/p><p>Realizar un itinerario de orientaci\u00f3n permanente es una actividad \u00fanica para realizar al aire libre. El participante debe obtener un mapa adaptado a sus capacidades. Un mapa en el que se detallan los elementos que hay que buscar por el Anillo Verde Azul de Zarautz y la zona urbana, concretamente las placas blanquinaranjas, que son los colores del deporte de orientaci\u00f3n. En caso de encontrarlo, hay que apuntar la letra que hay en la propia placa en el mapa y presentarla en la oficina de Turismo, comprobar si los elementos encontrados son correctos o consultar las respuestas en la web.<\/p>\t\t\t\t\t\t\t\t<\/div>\n\t\t\t\t<\/div>\n\t\t<div class=\"elementor-element elementor-element-9b314f9 e-con-full e-flex e-con e-child\" data-id=\"9b314f9\" data-element_type=\"container\">\n\t\t\t\t<div class=\"elementor-element elementor-element-74717bc elementor-widget elementor-widget-image\" data-id=\"74717bc\" data-element_type=\"widget\" data-widget_type=\"image.default\">\n\t\t\t\t\t\t\t\t\t\t\t\t\t\t\t<img fetchpriority=\"high\" decoding=\"async\" width=\"600\" height=\"600\" src=\"https:\/\/eraztunberdeurdina.eus\/wp-content\/uploads\/2025\/05\/IMG_20220202_114046-600x600.jpg\" class=\"attachment-large size-large wp-image-4138\" alt=\"Orientazio ibilbide iraunkorreko baliza\" srcset=\"https:\/\/eraztunberdeurdina.eus\/wp-content\/uploads\/2025\/05\/IMG_20220202_114046-600x600.jpg 600w, https:\/\/eraztunberdeurdina.eus\/wp-content\/uploads\/2025\/05\/IMG_20220202_114046-300x300.jpg 300w, https:\/\/eraztunberdeurdina.eus\/wp-content\/uploads\/2025\/05\/IMG_20220202_114046-85x85.jpg 85w, https:\/\/eraztunberdeurdina.eus\/wp-content\/uploads\/2025\/05\/IMG_20220202_114046-500x500.jpg 500w\" sizes=\"(max-width: 600px) 100vw, 600px\" \/>\t\t\t\t\t\t\t\t\t\t\t\t\t\t\t<\/div>\n\t\t\t\t<\/div>\n\t\t\t\t\t<\/div>\n\t\t\t\t<\/div>\n\t\t<div class=\"elementor-element elementor-element-2f35dfc e-flex e-con-boxed e-con e-parent\" data-id=\"2f35dfc\" data-element_type=\"container\">\n\t\t\t\t\t<div class=\"e-con-inner\">\n\t\t<div class=\"elementor-element elementor-element-959c898 e-con-full e-flex e-con e-child\" data-id=\"959c898\" data-element_type=\"container\">\n\t\t\t\t<div class=\"elementor-element elementor-element-4a70b6e elementor-widget elementor-widget-text-editor\" data-id=\"4a70b6e\" data-element_type=\"widget\" data-widget_type=\"text-editor.default\">\n\t\t\t\t\t\t\t\t\t<p>Estos itinerarios de orientaci\u00f3n permanente est\u00e1n ubicados en Zarautz y en el Anillo Verde Azul de Zarautz, concretamente en la ruta Arkamurka, en las zonas de Vista Alegre y Santa B\u00e1rbara. Para realizar el itinerario de orientaci\u00f3n hay que utilizar un mapa que se puede descargar aqu\u00ed debajo o obtenerla en la oficina de turismo.<\/p><p>Hay 3 rutas de diferentes dificultades y longitudes para elegir. Todos los recorridos comienzan y finalizan en la Oficina de Turismo. El m\u00e1s sencillo es el recorrido amarillo, con 1,7 km de longitud y 10 placas a buscar en el casco urbano de Zarautz. Esta opci\u00f3n es ideal para hacerlo en familia. La ruta naranja es de nuevo m\u00e1s larga, tiene 2,3 Km de longitud, y hay que buscar 15 placas. La roja, por \u00faltimo, la m\u00e1s larga y dif\u00edcil, est\u00e1 enfocada a los que conocen el deporte de la orientaci\u00f3n, hay que buscar 15 placas, y completa un recorrido de 3,4 Km.<\/p>\t\t\t\t\t\t\t\t<\/div>\n\t\t\t\t<\/div>\n\t\t<div class=\"elementor-element elementor-element-f37023c e-con-full e-flex e-con e-child\" data-id=\"f37023c\" data-element_type=\"container\">\n\t\t\t\t<div class=\"elementor-element elementor-element-2d56871 elementor-widget elementor-widget-image\" data-id=\"2d56871\" data-element_type=\"widget\" data-widget_type=\"image.default\">\n\t\t\t\t\t\t\t\t\t\t\t\t\t\t\t<img decoding=\"async\" width=\"600\" height=\"600\" src=\"https:\/\/eraztunberdeurdina.eus\/wp-content\/uploads\/2025\/05\/Orientazio-ibilbide-iraunkorra_balizak-600x600.jpeg\" class=\"attachment-large size-large wp-image-4142\" alt=\"Orientazio ibilbide iraunkorra_balizak\" srcset=\"https:\/\/eraztunberdeurdina.eus\/wp-content\/uploads\/2025\/05\/Orientazio-ibilbide-iraunkorra_balizak-600x600.jpeg 600w, https:\/\/eraztunberdeurdina.eus\/wp-content\/uploads\/2025\/05\/Orientazio-ibilbide-iraunkorra_balizak-300x300.jpeg 300w, https:\/\/eraztunberdeurdina.eus\/wp-content\/uploads\/2025\/05\/Orientazio-ibilbide-iraunkorra_balizak-85x85.jpeg 85w, https:\/\/eraztunberdeurdina.eus\/wp-content\/uploads\/2025\/05\/Orientazio-ibilbide-iraunkorra_balizak-500x500.jpeg 500w\" sizes=\"(max-width: 600px) 100vw, 600px\" \/>\t\t\t\t\t\t\t\t\t\t\t\t\t\t\t<\/div>\n\t\t\t\t<\/div>\n\t\t\t\t\t<\/div>\n\t\t\t\t<\/div>\n\t\t<div class=\"elementor-element elementor-element-3eab897 e-flex e-con-boxed e-con e-parent\" data-id=\"3eab897\" data-element_type=\"container\">\n\t\t\t\t\t<div class=\"e-con-inner\">\n\t\t<div class=\"elementor-element elementor-element-84fe3c0 e-con-full e-flex e-con e-child\" data-id=\"84fe3c0\" data-element_type=\"container\">\n\t\t\t\t<div class=\"elementor-element elementor-element-1cd5a6d elementor-widget elementor-widget-heading\" data-id=\"1cd5a6d\" data-element_type=\"widget\" data-widget_type=\"heading.default\">\n\t\t\t\t\t<h3 class=\"elementor-heading-title elementor-size-default\">Rutas<\/h3>\t\t\t\t<\/div>\n\t\t\t\t<\/div>\n\t\t<div class=\"elementor-element elementor-element-8ef0561 e-con-full e-flex e-con e-child\" data-id=\"8ef0561\" data-element_type=\"container\">\n\t\t\t\t<div class=\"elementor-element elementor-element-264e7f6 elementor-widget elementor-widget-image\" data-id=\"264e7f6\" data-element_type=\"widget\" data-widget_type=\"image.default\">\n\t\t\t\t\t\t\t\t\t\t\t\t\t\t\t\t<a href=\"https:\/\/eraztunberdeurdina.eus\/wp-content\/uploads\/2025\/05\/Ibilbide-horia.pdf\" target=\"_blank\">\n\t\t\t\t\t\t\t<img decoding=\"async\" width=\"881\" height=\"615\" src=\"https:\/\/eraztunberdeurdina.eus\/wp-content\/uploads\/2025\/05\/Ibilbide-horia.png\" class=\"attachment-full size-full wp-image-4146\" alt=\"\" srcset=\"https:\/\/eraztunberdeurdina.eus\/wp-content\/uploads\/2025\/05\/Ibilbide-horia.png 881w, https:\/\/eraztunberdeurdina.eus\/wp-content\/uploads\/2025\/05\/Ibilbide-horia-600x419.png 600w, https:\/\/eraztunberdeurdina.eus\/wp-content\/uploads\/2025\/05\/Ibilbide-horia-768x536.png 768w\" sizes=\"(max-width: 881px) 100vw, 881px\" \/>\t\t\t\t\t\t\t\t<\/a>\n\t\t\t\t\t\t\t\t\t\t\t\t\t\t\t<\/div>\n\t\t\t\t<\/div>\n\t\t<div class=\"elementor-element elementor-element-ad5f2da e-con-full e-flex e-con e-child\" data-id=\"ad5f2da\" data-element_type=\"container\">\n\t\t\t\t<div class=\"elementor-element elementor-element-c7ce794 elementor-widget elementor-widget-image\" data-id=\"c7ce794\" data-element_type=\"widget\" data-widget_type=\"image.default\">\n\t\t\t\t\t\t\t\t\t\t\t\t\t\t\t\t<a href=\"https:\/\/eraztunberdeurdina.eus\/wp-content\/uploads\/2025\/05\/Ibilbide-laranja.pdf\" target=\"_blank\">\n\t\t\t\t\t\t\t<img loading=\"lazy\" decoding=\"async\" width=\"874\" height=\"615\" src=\"https:\/\/eraztunberdeurdina.eus\/wp-content\/uploads\/2025\/05\/Ibilbide-laranja.png\" class=\"attachment-full size-full wp-image-4148\" alt=\"\" srcset=\"https:\/\/eraztunberdeurdina.eus\/wp-content\/uploads\/2025\/05\/Ibilbide-laranja.png 874w, https:\/\/eraztunberdeurdina.eus\/wp-content\/uploads\/2025\/05\/Ibilbide-laranja-600x422.png 600w, https:\/\/eraztunberdeurdina.eus\/wp-content\/uploads\/2025\/05\/Ibilbide-laranja-768x540.png 768w\" sizes=\"(max-width: 874px) 100vw, 874px\" \/>\t\t\t\t\t\t\t\t<\/a>\n\t\t\t\t\t\t\t\t\t\t\t\t\t\t\t<\/div>\n\t\t\t\t<\/div>\n\t\t<div class=\"elementor-element elementor-element-fb5b988 e-con-full e-flex e-con e-child\" data-id=\"fb5b988\" data-element_type=\"container\">\n\t\t\t\t<div class=\"elementor-element elementor-element-e047995 elementor-widget elementor-widget-image\" data-id=\"e047995\" data-element_type=\"widget\" data-widget_type=\"image.default\">\n\t\t\t\t\t\t\t\t\t\t\t\t\t\t\t\t<a href=\"https:\/\/eraztunberdeurdina.eus\/wp-content\/uploads\/2025\/05\/Ibilbide-gorria.pdf\" target=\"_blank\">\n\t\t\t\t\t\t\t<img loading=\"lazy\" decoding=\"async\" width=\"880\" height=\"614\" src=\"https:\/\/eraztunberdeurdina.eus\/wp-content\/uploads\/2025\/05\/Orientazio-ibilbide-iraunkorra_GORRIA.png\" class=\"attachment-full size-full wp-image-4140\" alt=\"\" srcset=\"https:\/\/eraztunberdeurdina.eus\/wp-content\/uploads\/2025\/05\/Orientazio-ibilbide-iraunkorra_GORRIA.png 880w, https:\/\/eraztunberdeurdina.eus\/wp-content\/uploads\/2025\/05\/Orientazio-ibilbide-iraunkorra_GORRIA-600x419.png 600w, https:\/\/eraztunberdeurdina.eus\/wp-content\/uploads\/2025\/05\/Orientazio-ibilbide-iraunkorra_GORRIA-768x536.png 768w\" sizes=\"(max-width: 880px) 100vw, 880px\" \/>\t\t\t\t\t\t\t\t<\/a>\n\t\t\t\t\t\t\t\t\t\t\t\t\t\t\t<\/div>\n\t\t\t\t<\/div>\n\t\t\t\t\t<\/div>\n\t\t\t\t<\/div>\n\t\t<div class=\"elementor-element elementor-element-4af484a e-flex e-con-boxed e-con e-parent\" data-id=\"4af484a\" data-element_type=\"container\">\n\t\t\t\t\t<div class=\"e-con-inner\">\n\t\t<div class=\"elementor-element elementor-element-e942376 e-con-full e-flex e-con e-child\" data-id=\"e942376\" data-element_type=\"container\">\n\t\t\t\t<\/div>\n\t\t<div class=\"elementor-element elementor-element-6be575a e-con-full e-flex e-con e-child\" data-id=\"6be575a\" data-element_type=\"container\">\n\t\t\t\t<\/div>\n\t\t<div class=\"elementor-element elementor-element-5238473 e-con-full e-flex e-con e-child\" data-id=\"5238473\" data-element_type=\"container\">\n\t\t\t\t<\/div>\n\t\t\t\t\t<\/div>\n\t\t\t\t<\/div>\n\t\t\t\t<\/div>\n\t\t","protected":false},"excerpt":{"rendered":"<p>Itinerario Permanente de Orientacion El Ayuntamiento de Zarautz y el GOT Gipuzkoako Orientazio Taldea, con arraigo en la localidad, han [&hellip;]<\/p>\n","protected":false},"author":3,"featured_media":0,"parent":0,"menu_order":0,"comment_status":"closed","ping_status":"closed","template":"","meta":{"_acf_changed":false,"site-sidebar-layout":"default","site-content-layout":"","ast-site-content-layout":"full-width-container","site-content-style":"default","site-sidebar-style":"default","ast-global-header-display":"","ast-banner-title-visibility":"","ast-main-header-display":"","ast-hfb-above-header-display":"","ast-hfb-below-header-display":"","ast-hfb-mobile-header-display":"","site-post-title":"disabled","ast-breadcrumbs-content":"","ast-featured-img":"","footer-sml-layout":"","ast-disable-related-posts":"","theme-transparent-header-meta":"","adv-header-id-meta":"","stick-header-meta":"","header-above-stick-meta":"","header-main-stick-meta":"","header-below-stick-meta":"","astra-migrate-meta-layouts":"default","ast-page-background-enabled":"default","ast-page-background-meta":{"desktop":{"background-color":"var(--ast-global-color-5)","background-image":"","background-repeat":"repeat","background-position":"center center","background-size":"auto","background-attachment":"scroll","background-type":"","background-media":"","overlay-type":"","overlay-color":"","overlay-opacity":"","overlay-gradient":""},"tablet":{"background-color":"","background-image":"","background-repeat":"repeat","background-position":"center center","background-size":"auto","background-attachment":"scroll","background-type":"","background-media":"","overlay-type":"","overlay-color":"","overlay-opacity":"","overlay-gradient":""},"mobile":{"background-color":"","background-image":"","background-repeat":"repeat","background-position":"center center","background-size":"auto","background-attachment":"scroll","background-type":"","background-media":"","overlay-type":"","overlay-color":"","overlay-opacity":"","overlay-gradient":""}},"ast-content-background-meta":{"desktop":{"background-color":"var(--ast-global-color-4)","background-image":"","background-repeat":"repeat","background-position":"center center","background-size":"auto","background-attachment":"scroll","background-type":"","background-media":"","overlay-type":"","overlay-color":"","overlay-opacity":"","overlay-gradient":""},"tablet":{"background-color":"var(--ast-global-color-4)","background-image":"","background-repeat":"repeat","background-position":"center center","background-size":"auto","background-attachment":"scroll","background-type":"","background-media":"","overlay-type":"","overlay-color":"","overlay-opacity":"","overlay-gradient":""},"mobile":{"background-color":"var(--ast-global-color-4)","background-image":"","background-repeat":"repeat","background-position":"center center","background-size":"auto","background-attachment":"scroll","background-type":"","background-media":"","overlay-type":"","overlay-color":"","overlay-opacity":"","overlay-gradient":""}},"footnotes":""},"class_list":["post-4125","page","type-page","status-publish","hentry"],"acf":[],"yoast_head":"<!-- This site is optimized with the Yoast SEO plugin v27.1.1 - https:\/\/yoast.com\/product\/yoast-seo-wordpress\/ -->\n<title>Itinerario permanente de orientaci\u00f3n - Anillo Verde Azul de Zarautz<\/title>\n<meta name=\"robots\" content=\"index, follow, max-snippet:-1, max-image-preview:large, max-video-preview:-1\" \/>\n<link rel=\"canonical\" href=\"https:\/\/eraztunberdeurdina.eus\/es\/itinerario-permanente-de-orientacion\/\" \/>\n<meta property=\"og:locale\" content=\"es_ES\" \/>\n<meta property=\"og:type\" content=\"article\" \/>\n<meta property=\"og:title\" content=\"Itinerario permanente de orientaci\u00f3n - Anillo Verde Azul de Zarautz\" \/>\n<meta property=\"og:description\" content=\"Itinerario Permanente de Orientacion El Ayuntamiento de Zarautz y el GOT Gipuzkoako Orientazio Taldea, con arraigo en la localidad, han [&hellip;]\" \/>\n<meta property=\"og:url\" content=\"https:\/\/eraztunberdeurdina.eus\/es\/itinerario-permanente-de-orientacion\/\" \/>\n<meta property=\"og:site_name\" content=\"Anillo Verde Azul de Zarautz\" \/>\n<meta property=\"article:modified_time\" content=\"2026-04-28T10:25:28+00:00\" \/>\n<meta property=\"og:image\" content=\"https:\/\/eraztunberdeurdina.eus\/wp-content\/uploads\/2025\/05\/IMG_20220202_114046.jpg\" \/>\n\t<meta property=\"og:image:width\" content=\"1600\" \/>\n\t<meta property=\"og:image:height\" content=\"899\" \/>\n\t<meta property=\"og:image:type\" content=\"image\/jpeg\" \/>\n<meta name=\"twitter:card\" content=\"summary_large_image\" \/>\n<meta name=\"twitter:label1\" content=\"Tiempo de lectura\" \/>\n\t<meta name=\"twitter:data1\" content=\"3 minutos\" \/>\n<script type=\"application\/ld+json\" class=\"yoast-schema-graph\">{\"@context\":\"https:\/\/schema.org\",\"@graph\":[{\"@type\":\"WebPage\",\"@id\":\"https:\/\/eraztunberdeurdina.eus\/es\/itinerario-permanente-de-orientacion\/\",\"url\":\"https:\/\/eraztunberdeurdina.eus\/es\/itinerario-permanente-de-orientacion\/\",\"name\":\"Itinerario permanente de orientaci\u00f3n - Anillo Verde Azul de Zarautz\",\"isPartOf\":{\"@id\":\"https:\/\/eraztunberdeurdina.eus\/#website\"},\"primaryImageOfPage\":{\"@id\":\"https:\/\/eraztunberdeurdina.eus\/es\/itinerario-permanente-de-orientacion\/#primaryimage\"},\"image\":{\"@id\":\"https:\/\/eraztunberdeurdina.eus\/es\/itinerario-permanente-de-orientacion\/#primaryimage\"},\"thumbnailUrl\":\"https:\/\/eraztunberdeurdina.eus\/wp-content\/uploads\/2025\/05\/IMG_20220202_114046-600x600.jpg\",\"datePublished\":\"2025-05-19T11:58:05+00:00\",\"dateModified\":\"2026-04-28T10:25:28+00:00\",\"breadcrumb\":{\"@id\":\"https:\/\/eraztunberdeurdina.eus\/es\/itinerario-permanente-de-orientacion\/#breadcrumb\"},\"inLanguage\":\"es\",\"potentialAction\":[{\"@type\":\"ReadAction\",\"target\":[\"https:\/\/eraztunberdeurdina.eus\/es\/itinerario-permanente-de-orientacion\/\"]}]},{\"@type\":\"ImageObject\",\"inLanguage\":\"es\",\"@id\":\"https:\/\/eraztunberdeurdina.eus\/es\/itinerario-permanente-de-orientacion\/#primaryimage\",\"url\":\"https:\/\/eraztunberdeurdina.eus\/wp-content\/uploads\/2025\/05\/IMG_20220202_114046-600x600.jpg\",\"contentUrl\":\"https:\/\/eraztunberdeurdina.eus\/wp-content\/uploads\/2025\/05\/IMG_20220202_114046-600x600.jpg\"},{\"@type\":\"BreadcrumbList\",\"@id\":\"https:\/\/eraztunberdeurdina.eus\/es\/itinerario-permanente-de-orientacion\/#breadcrumb\",\"itemListElement\":[{\"@type\":\"ListItem\",\"position\":1,\"name\":\"Home\",\"item\":\"https:\/\/eraztunberdeurdina.eus\/es\/anillo-verde-azul\/\"},{\"@type\":\"ListItem\",\"position\":2,\"name\":\"Itinerario permanente de orientaci\u00f3n\"}]},{\"@type\":\"WebSite\",\"@id\":\"https:\/\/eraztunberdeurdina.eus\/#website\",\"url\":\"https:\/\/eraztunberdeurdina.eus\/\",\"name\":\"Zarauzko Eraztun Berde Urdina\",\"description\":\"Herri-inguruko berdeguneen zaintza\",\"publisher\":{\"@id\":\"https:\/\/eraztunberdeurdina.eus\/#organization\"},\"potentialAction\":[{\"@type\":\"SearchAction\",\"target\":{\"@type\":\"EntryPoint\",\"urlTemplate\":\"https:\/\/eraztunberdeurdina.eus\/?s={search_term_string}\"},\"query-input\":{\"@type\":\"PropertyValueSpecification\",\"valueRequired\":true,\"valueName\":\"search_term_string\"}}],\"inLanguage\":\"es\"},{\"@type\":\"Organization\",\"@id\":\"https:\/\/eraztunberdeurdina.eus\/#organization\",\"name\":\"Zarauzko Eraztun Berde Urdina\",\"url\":\"https:\/\/eraztunberdeurdina.eus\/\",\"logo\":{\"@type\":\"ImageObject\",\"inLanguage\":\"es\",\"@id\":\"https:\/\/eraztunberdeurdina.eus\/#\/schema\/logo\/image\/\",\"url\":\"https:\/\/eraztunberdeurdina.eus\/wp-content\/uploads\/2018\/07\/EBUkoloretan.jpg\",\"contentUrl\":\"https:\/\/eraztunberdeurdina.eus\/wp-content\/uploads\/2018\/07\/EBUkoloretan.jpg\",\"width\":934,\"height\":687,\"caption\":\"Zarauzko Eraztun Berde Urdina\"},\"image\":{\"@id\":\"https:\/\/eraztunberdeurdina.eus\/#\/schema\/logo\/image\/\"}}]}<\/script>\n<!-- \/ Yoast SEO plugin. -->","yoast_head_json":{"title":"Itinerario permanente de orientaci\u00f3n - Anillo Verde Azul de Zarautz","robots":{"index":"index","follow":"follow","max-snippet":"max-snippet:-1","max-image-preview":"max-image-preview:large","max-video-preview":"max-video-preview:-1"},"canonical":"https:\/\/eraztunberdeurdina.eus\/es\/itinerario-permanente-de-orientacion\/","og_locale":"es_ES","og_type":"article","og_title":"Itinerario permanente de orientaci\u00f3n - Anillo Verde Azul de Zarautz","og_description":"Itinerario Permanente de Orientacion El Ayuntamiento de Zarautz y el GOT Gipuzkoako Orientazio Taldea, con arraigo en la localidad, han [&hellip;]","og_url":"https:\/\/eraztunberdeurdina.eus\/es\/itinerario-permanente-de-orientacion\/","og_site_name":"Anillo Verde Azul de Zarautz","article_modified_time":"2026-04-28T10:25:28+00:00","og_image":[{"width":1600,"height":899,"url":"https:\/\/eraztunberdeurdina.eus\/wp-content\/uploads\/2025\/05\/IMG_20220202_114046.jpg","type":"image\/jpeg"}],"twitter_card":"summary_large_image","twitter_misc":{"Tiempo de lectura":"3 minutos"},"schema":{"@context":"https:\/\/schema.org","@graph":[{"@type":"WebPage","@id":"https:\/\/eraztunberdeurdina.eus\/es\/itinerario-permanente-de-orientacion\/","url":"https:\/\/eraztunberdeurdina.eus\/es\/itinerario-permanente-de-orientacion\/","name":"Itinerario permanente de orientaci\u00f3n - Anillo Verde Azul de Zarautz","isPartOf":{"@id":"https:\/\/eraztunberdeurdina.eus\/#website"},"primaryImageOfPage":{"@id":"https:\/\/eraztunberdeurdina.eus\/es\/itinerario-permanente-de-orientacion\/#primaryimage"},"image":{"@id":"https:\/\/eraztunberdeurdina.eus\/es\/itinerario-permanente-de-orientacion\/#primaryimage"},"thumbnailUrl":"https:\/\/eraztunberdeurdina.eus\/wp-content\/uploads\/2025\/05\/IMG_20220202_114046-600x600.jpg","datePublished":"2025-05-19T11:58:05+00:00","dateModified":"2026-04-28T10:25:28+00:00","breadcrumb":{"@id":"https:\/\/eraztunberdeurdina.eus\/es\/itinerario-permanente-de-orientacion\/#breadcrumb"},"inLanguage":"es","potentialAction":[{"@type":"ReadAction","target":["https:\/\/eraztunberdeurdina.eus\/es\/itinerario-permanente-de-orientacion\/"]}]},{"@type":"ImageObject","inLanguage":"es","@id":"https:\/\/eraztunberdeurdina.eus\/es\/itinerario-permanente-de-orientacion\/#primaryimage","url":"https:\/\/eraztunberdeurdina.eus\/wp-content\/uploads\/2025\/05\/IMG_20220202_114046-600x600.jpg","contentUrl":"https:\/\/eraztunberdeurdina.eus\/wp-content\/uploads\/2025\/05\/IMG_20220202_114046-600x600.jpg"},{"@type":"BreadcrumbList","@id":"https:\/\/eraztunberdeurdina.eus\/es\/itinerario-permanente-de-orientacion\/#breadcrumb","itemListElement":[{"@type":"ListItem","position":1,"name":"Home","item":"https:\/\/eraztunberdeurdina.eus\/es\/anillo-verde-azul\/"},{"@type":"ListItem","position":2,"name":"Itinerario permanente de orientaci\u00f3n"}]},{"@type":"WebSite","@id":"https:\/\/eraztunberdeurdina.eus\/#website","url":"https:\/\/eraztunberdeurdina.eus\/","name":"Zarauzko Eraztun Berde Urdina","description":"Herri-inguruko berdeguneen zaintza","publisher":{"@id":"https:\/\/eraztunberdeurdina.eus\/#organization"},"potentialAction":[{"@type":"SearchAction","target":{"@type":"EntryPoint","urlTemplate":"https:\/\/eraztunberdeurdina.eus\/?s={search_term_string}"},"query-input":{"@type":"PropertyValueSpecification","valueRequired":true,"valueName":"search_term_string"}}],"inLanguage":"es"},{"@type":"Organization","@id":"https:\/\/eraztunberdeurdina.eus\/#organization","name":"Zarauzko Eraztun Berde Urdina","url":"https:\/\/eraztunberdeurdina.eus\/","logo":{"@type":"ImageObject","inLanguage":"es","@id":"https:\/\/eraztunberdeurdina.eus\/#\/schema\/logo\/image\/","url":"https:\/\/eraztunberdeurdina.eus\/wp-content\/uploads\/2018\/07\/EBUkoloretan.jpg","contentUrl":"https:\/\/eraztunberdeurdina.eus\/wp-content\/uploads\/2018\/07\/EBUkoloretan.jpg","width":934,"height":687,"caption":"Zarauzko Eraztun Berde Urdina"},"image":{"@id":"https:\/\/eraztunberdeurdina.eus\/#\/schema\/logo\/image\/"}}]}},"_links":{"self":[{"href":"https:\/\/eraztunberdeurdina.eus\/es\/wp-json\/wp\/v2\/pages\/4125","targetHints":{"allow":["GET"]}}],"collection":[{"href":"https:\/\/eraztunberdeurdina.eus\/es\/wp-json\/wp\/v2\/pages"}],"about":[{"href":"https:\/\/eraztunberdeurdina.eus\/es\/wp-json\/wp\/v2\/types\/page"}],"author":[{"embeddable":true,"href":"https:\/\/eraztunberdeurdina.eus\/es\/wp-json\/wp\/v2\/users\/3"}],"replies":[{"embeddable":true,"href":"https:\/\/eraztunberdeurdina.eus\/es\/wp-json\/wp\/v2\/comments?post=4125"}],"version-history":[{"count":6,"href":"https:\/\/eraztunberdeurdina.eus\/es\/wp-json\/wp\/v2\/pages\/4125\/revisions"}],"predecessor-version":[{"id":5689,"href":"https:\/\/eraztunberdeurdina.eus\/es\/wp-json\/wp\/v2\/pages\/4125\/revisions\/5689"}],"wp:attachment":[{"href":"https:\/\/eraztunberdeurdina.eus\/es\/wp-json\/wp\/v2\/media?parent=4125"}],"curies":[{"name":"wp","href":"https:\/\/api.w.org\/{rel}","templated":true}]}}